{"id":4403976,"date":"2024-04-22T08:31:01","date_gmt":"2024-04-22T12:31:01","guid":{"rendered":"https:\/\/epithelia.ca\/?page_id=4403976"},"modified":"2026-04-29T14:48:58","modified_gmt":"2026-04-29T18:48:58","slug":"epithelia-team","status":"publish","type":"page","link":"https:\/\/epithelia.ca\/en\/equipe-epithelia\/","title":{"rendered":"Team \u00c9pith\u00e9lia"},"content":{"rendered":"<p>[et_pb_section fb_built=\u00a0\u00bb1&Prime; admin_label=\u00a0\u00bbHeader\u00a0\u00bb _builder_version=\u00a0\u00bb4.24.2&Prime; _module_preset=\u00a0\u00bbdefault\u00a0\u00bb background_color=\u00a0\u00bb#F4ECE7&Prime; overflow-x=\u00a0\u00bbhidden\u00a0\u00bb overflow-y=\u00a0\u00bbhidden\u00a0\u00bb custom_padding=\u00a0\u00bb69px||69px||true|\u00a0\u00bb collapsed=\u00a0\u00bbon\u00a0\u00bb global_colors_info=\u00a0\u00bb{}\u00a0\u00bb][et_pb_row column_structure=\u00a0\u00bb3_4,1_4&Prime; _builder_version=\u00a0\u00bb4.23.1&Prime; _module_preset=\u00a0\u00bbdefault\u00a0\u00bb global_colors_info=\u00a0\u00bb{}\u00a0\u00bb][et_pb_column type=\u00a0\u00bb3_4&Prime; _builder_version=\u00a0\u00bb4.23.1&Prime; _module_preset=\u00a0\u00bbdefault\u00a0\u00bb global_colors_info=\u00a0\u00bb{}\u00a0\u00bb][et_pb_text _builder_version=\u00a0\u00bb4.24.2&Prime; _module_preset=\u00a0\u00bb_initial\u00a0\u00bb header_font=\u00a0\u00bb|700|||||||\u00a0\u00bb header_font_size=\u00a0\u00bb72px\u00a0\u00bb header_line_height=\u00a0\u00bb1.2em\u00a0\u00bb custom_margin=\u00a0\u00bb||10px||false|false\u00a0\u00bb header_font_size_tablet=\u00a0\u00bb40px\u00a0\u00bb header_font_size_phone=\u00a0\u00bb50px\u00a0\u00bb header_font_size_last_edited=\u00a0\u00bbon|desktop\u00a0\u00bb global_colors_info=\u00a0\u00bb{}\u00a0\u00bb]<\/p>\n<h1>L&rsquo;\u00e9quipe \u00c9pith\u00e9lia<\/h1>\n<p>[\/et_pb_text][et_pb_text _builder_version=\u00a0\u00bb4.27.5&Prime; _module_preset=\u00a0\u00bb_initial\u00a0\u00bb global_colors_info=\u00a0\u00bb{}\u00a0\u00bb]<\/p>\n<p>\u00ab <em>Je suis fi\u00e8re de plusieurs choses en tant qu\u2019entrepreneure, mais l\u2019une de mes plus grandes fiert\u00e9s est d\u00e9finitivement la synergie et le potentiel de mon \u00e9quipe en place!<\/em> \u00bb<\/p>\n<p><em><strong>&#8211; Andr\u00e9anne Martin, fondatrice d&rsquo;\u00c9pith\u00e9lia.<\/strong><\/em><\/p>\n<p>[\/et_pb_text][\/et_pb_column][et_pb_column type=\u00a0\u00bb1_4&Prime; _builder_version=\u00a0\u00bb4.23.1&Prime; _module_preset=\u00a0\u00bbdefault\u00a0\u00bb global_colors_info=\u00a0\u00bb{}\u00a0\u00bb][\/et_pb_column][\/et_pb_row][et_pb_row _builder_version=\u00a0\u00bb4.24.2&Prime; _module_preset=\u00a0\u00bbdefault\u00a0\u00bb global_colors_info=\u00a0\u00bb{}\u00a0\u00bb][et_pb_column type=\u00a0\u00bb4_4&Prime; _builder_version=\u00a0\u00bb4.24.2&Prime; _module_preset=\u00a0\u00bbdefault\u00a0\u00bb global_colors_info=\u00a0\u00bb{}\u00a0\u00bb][et_pb_image src=\u00a0\u00bbhttps:\/\/epithelia.ca\/wp-content\/uploads\/2024\/04\/equipe-epithelia.jpeg\u00a0\u00bb title_text=\u00a0\u00bb\u00e9quipe \u00e9pith\u00e9lia\u00a0\u00bb align=\u00a0\u00bbcenter\u00a0\u00bb _builder_version=\u00a0\u00bb4.24.2&Prime; _module_preset=\u00a0\u00bbdefault\u00a0\u00bb border_radii=\u00a0\u00bbon|50px|50px|50px|50px\u00a0\u00bb global_colors_info=\u00a0\u00bb{}\u00a0\u00bb][\/et_pb_image][et_pb_text _builder_version=\u00a0\u00bb4.27.5&Prime; _module_preset=\u00a0\u00bbdefault\u00a0\u00bb header_2_font_size=\u00a0\u00bb40px\u00a0\u00bb header_3_font_size=\u00a0\u00bb60px\u00a0\u00bb header_3_line_height=\u00a0\u00bb1.3em\u00a0\u00bb custom_margin=\u00a0\u00bb91px||||false|false\u00a0\u00bb header_2_font_size_tablet=\u00a0\u00bb40px\u00a0\u00bb header_2_font_size_phone=\u00a0\u00bb40px\u00a0\u00bb header_2_font_size_last_edited=\u00a0\u00bbon|desktop\u00a0\u00bb header_3_font_size_tablet=\u00a0\u00bb60px\u00a0\u00bb header_3_font_size_phone=\u00a0\u00bb40px\u00a0\u00bb header_3_font_size_last_edited=\u00a0\u00bbon|phone\u00a0\u00bb global_colors_info=\u00a0\u00bb{}\u00a0\u00bb]<\/p>\n<h3 style=\"text-align: center;\"><strong>Et si on avan\u00e7ait ensemble ?<\/strong><\/h3>\n<p>[\/et_pb_text][et_pb_text _builder_version=\u00a0\u00bb4.27.5&Prime; _module_preset=\u00a0\u00bbdefault\u00a0\u00bb custom_padding=\u00a0\u00bb|10%||10%|false|false\u00a0\u00bb global_colors_info=\u00a0\u00bb{}\u00a0\u00bb]<\/p>\n<p data-start=\"105\" data-end=\"189\" style=\"text-align: center;\">Chez \u00c9pith\u00e9lia, on prend soin de vous comme si vous faisiez partie de notre famille.<\/p>\n<p data-start=\"191\" data-end=\"498\" style=\"text-align: center;\">Nous sommes une \u00e9quipe de nutritionnistes-di\u00e9t\u00e9tistes bienveillantes, pr\u00eates \u00e0 vous accompagner vers une alimentation qui vous fait du bien, sans stress ni culpabilit\u00e9. Peu importe o\u00f9 vous en \u00eates dans votre parcours, on est l\u00e0 pour avancer avec vous, \u00e0 votre rythme, sans jugement ni restrictions inutiles.<\/p>\n<p data-start=\"500\" data-end=\"557\" style=\"text-align: center;\"><strong data-start=\"500\" data-end=\"557\">Le chemin pour atteindre vos objectifs commence ici !<\/strong><\/p>\n<p>[\/et_pb_text][et_pb_button button_url=\u00a0\u00bbhttps:\/\/epithelia.ca\/prendre-rendez-vous\/\u00a0\u00bb button_text=\u00a0\u00bbPrendre rendez-vous\u00a0\u00bb button_alignment=\u00a0\u00bbcenter\u00a0\u00bb _builder_version=\u00a0\u00bb4.27.5&Prime; _module_preset=\u00a0\u00bbdefault\u00a0\u00bb custom_button=\u00a0\u00bbon\u00a0\u00bb button_text_size=\u00a0\u00bb25px\u00a0\u00bb button_bg_color=\u00a0\u00bb#FFFFFF\u00a0\u00bb global_colors_info=\u00a0\u00bb{}\u00a0\u00bb][\/et_pb_button][\/et_pb_column][\/et_pb_row][et_pb_row _builder_version=\u00a0\u00bb4.27.3&Prime; _module_preset=\u00a0\u00bbdefault\u00a0\u00bb custom_padding=\u00a0\u00bb3%|5%|3%|5%|true|true\u00a0\u00bb border_radii=\u00a0\u00bbon|30px|30px|30px|30px\u00a0\u00bb border_width_all=\u00a0\u00bb3px\u00a0\u00bb border_color_all=\u00a0\u00bb#8247E3&Prime; global_colors_info=\u00a0\u00bb{}\u00a0\u00bb][et_pb_column type=\u00a0\u00bb4_4&Prime; _builder_version=\u00a0\u00bb4.27.3&Prime; _module_preset=\u00a0\u00bbdefault\u00a0\u00bb global_colors_info=\u00a0\u00bb{}\u00a0\u00bb][et_pb_text _builder_version=\u00a0\u00bb4.27.3&Prime; _module_preset=\u00a0\u00bbdefault\u00a0\u00bb custom_margin=\u00a0\u00bb||11px|||\u00a0\u00bb global_colors_info=\u00a0\u00bb{}\u00a0\u00bb]<\/p>\n<h3>Des comp\u00e9tences partag\u00e9es au sein de notre \u00e9quipe de nutritionnistes<\/h3>\n<p>Ces champs d&rsquo;action sont communs \u00e0 tous les di\u00e9t\u00e9tistes-nutritionnistes de notre \u00e9quipe, une \u00e9quipe passionn\u00e9e et engag\u00e9e pour optimiser votre sant\u00e9 digestive et vos habitudes alimentaires!<\/p>\n<p>[\/et_pb_text][et_pb_blurb use_icon=\u00a0\u00bbon\u00a0\u00bb font_icon=\u00a0\u00bb&#xf058;||fa||400&Prime; icon_placement=\u00a0\u00bbleft\u00a0\u00bb content_max_width=\u00a0\u00bb100%\u00a0\u00bb _builder_version=\u00a0\u00bb4.27.3&Prime; _module_preset=\u00a0\u00bbdefault\u00a0\u00bb custom_margin=\u00a0\u00bb||19px|||\u00a0\u00bb global_colors_info=\u00a0\u00bb{}\u00a0\u00bb]<\/p>\n<p>Leaders en sant\u00e9 digestive avec plus de 2600 heures de formation<\/p>\n<p>[\/et_pb_blurb][et_pb_blurb use_icon=\u00a0\u00bbon\u00a0\u00bb font_icon=\u00a0\u00bb&#xf058;||fa||400&Prime; icon_placement=\u00a0\u00bbleft\u00a0\u00bb content_max_width=\u00a0\u00bb100%\u00a0\u00bb _builder_version=\u00a0\u00bb4.27.3&Prime; _module_preset=\u00a0\u00bbdefault\u00a0\u00bb custom_margin=\u00a0\u00bb||19px|||\u00a0\u00bb global_colors_info=\u00a0\u00bb{}\u00a0\u00bb]<\/p>\n<p>Plus de 15 000 clients accompagn\u00e9s vers des habitudes alimentaires durables.<\/p>\n<p>[\/et_pb_blurb][et_pb_blurb use_icon=\u00a0\u00bbon\u00a0\u00bb font_icon=\u00a0\u00bb&#xf058;||fa||400&Prime; icon_placement=\u00a0\u00bbleft\u00a0\u00bb content_max_width=\u00a0\u00bb100%\u00a0\u00bb _builder_version=\u00a0\u00bb4.27.3&Prime; _module_preset=\u00a0\u00bbdefault\u00a0\u00bb global_colors_info=\u00a0\u00bb{}\u00a0\u00bb]<\/p>\n<p>61 ann\u00e9es d\u2019exp\u00e9rience combin\u00e9es au service de votre sant\u00e9.<\/p>\n<p>[\/et_pb_blurb][\/et_pb_column][\/et_pb_row][et_pb_row column_structure=\u00a0\u00bb1_3,1_3,1_3&Prime; use_custom_gutter=\u00a0\u00bbon\u00a0\u00bb gutter_width=\u00a0\u00bb2&Prime; make_equal=\u00a0\u00bbon\u00a0\u00bb _builder_version=\u00a0\u00bb4.24.3&Prime; _module_preset=\u00a0\u00bbdefault\u00a0\u00bb global_colors_info=\u00a0\u00bb{}\u00a0\u00bb][et_pb_column type=\u00a0\u00bb1_3&Prime; _builder_version=\u00a0\u00bb4.24.3&Prime; _module_preset=\u00a0\u00bbdefault\u00a0\u00bb background_color=\u00a0\u00bb#BDE2D3&Prime; custom_padding=\u00a0\u00bb3%|3%|3%|3%|true|true\u00a0\u00bb border_radii=\u00a0\u00bbon|20px|20px|20px|20px\u00a0\u00bb global_colors_info=\u00a0\u00bb{}\u00a0\u00bb][et_pb_image src=\u00a0\u00bbhttps:\/\/epithelia.ca\/wp-content\/uploads\/2024\/04\/Alexandra-Morency.jpg\u00a0\u00bb title_text=\u00a0\u00bbAlexandra Morency\u00a0\u00bb url=\u00a0\u00bbhttps:\/\/epithelia.practicebetter.io\/#\/67dd860dc33978caa4492b66\/bookings\u00a0\u00bb _builder_version=\u00a0\u00bb4.27.5&Prime; _module_preset=\u00a0\u00bbdefault\u00a0\u00bb hover_enabled=\u00a0\u00bb0&Prime; global_colors_info=\u00a0\u00bb{}\u00a0\u00bb border_radii=\u00a0\u00bbon|30px|30px|30px|30px\u00a0\u00bb sticky_enabled=\u00a0\u00bb0&Prime;][\/et_pb_image][et_pb_blurb title=\u00a0\u00bbAlexandra Morency\u00a0\u00bb use_icon=\u00a0\u00bbon\u00a0\u00bb _builder_version=\u00a0\u00bb4.27.5&Prime; _module_preset=\u00a0\u00bbdefault\u00a0\u00bb header_font_size=\u00a0\u00bb24px\u00a0\u00bb body_font_size=\u00a0\u00bb17px\u00a0\u00bb custom_padding=\u00a0\u00bb||||false|false\u00a0\u00bb border_color_left=\u00a0\u00bb#8247E3&Prime; global_colors_info=\u00a0\u00bb{}\u00a0\u00bb]<\/p>\n<p><strong>Nutritionniste-di\u00e9t\u00e9tiste<\/strong><\/p>\n<p><strong>Type de consultation :<\/strong><\/p>\n<ul>\n<li style=\"font-weight: 400;\">Virtuel<\/li>\n<\/ul>\n<p><strong>Sp\u00e9cialit\u00e9s :<\/strong><\/p>\n<ul>\n<li style=\"font-weight: 400;\">Relation avec la nourriture<\/li>\n<li style=\"font-weight: 400;\">Constipation\/diarrh\u00e9es<\/li>\n<li style=\"font-weight: 400;\">Ballonnements<\/li>\n<li style=\"font-weight: 400;\">Sant\u00e9 de le femme<\/li>\n<li style=\"font-weight: 400;\">Perte de poids<\/li>\n<li style=\"font-weight: 400;\">Conditions inflammatoires<\/li>\n<\/ul>\n<ul><\/ul>\n<p style=\"text-align: center;\">[\/et_pb_blurb][et_pb_text _builder_version=\u00a0\u00bb4.27.5&Prime; _module_preset=\u00a0\u00bbdefault\u00a0\u00bb global_colors_info=\u00a0\u00bb{}\u00a0\u00bb][\/et_pb_text][et_pb_text _builder_version=\u00a0\u00bb4.27.5&Prime; _module_preset=\u00a0\u00bbdefault\u00a0\u00bb custom_margin=\u00a0\u00bb6px||||false|false\u00a0\u00bb custom_padding=\u00a0\u00bb17px||||false|false\u00a0\u00bb global_colors_info=\u00a0\u00bb{}\u00a0\u00bb]<\/p>\n<p style=\"text-align: center;\"><strong><a href=\"mailto:alexandra@epithelia.ca\" target=\"_blank\" rel=\"noopener\">alexandra@epithelia.ca<\/a><\/strong><\/p>\n<p>[\/et_pb_text][et_pb_button button_url=\u00a0\u00bbhttps:\/\/epithelia.practicebetter.io\/#\/67dd860dc33978caa4492b66\/bookings\u00a0\u00bb url_new_window=\u00a0\u00bbon\u00a0\u00bb button_text=\u00a0\u00bbPrendre rendez-vous\u00a0\u00bb button_alignment=\u00a0\u00bbcenter\u00a0\u00bb _builder_version=\u00a0\u00bb4.27.5&Prime; _module_preset=\u00a0\u00bbdefault\u00a0\u00bb custom_button=\u00a0\u00bbon\u00a0\u00bb button_bg_color=\u00a0\u00bb#FFFFFF\u00a0\u00bb global_colors_info=\u00a0\u00bb{}\u00a0\u00bb][\/et_pb_button][et_pb_image src=\u00a0\u00bbhttps:\/\/epithelia.ca\/wp-content\/uploads\/2025\/02\/Logotype_Membre_RGB.avif\u00a0\u00bb title_text=\u00a0\u00bbLogotype_Membre_RGB\u00a0\u00bb align=\u00a0\u00bbcenter\u00a0\u00bb _builder_version=\u00a0\u00bb4.27.4&Prime; _module_preset=\u00a0\u00bbdefault\u00a0\u00bb width=\u00a0\u00bb60%\u00a0\u00bb border_radii=\u00a0\u00bbon|30px|30px|30px|30px\u00a0\u00bb global_colors_info=\u00a0\u00bb{}\u00a0\u00bb][\/et_pb_image][\/et_pb_column][et_pb_column type=\u00a0\u00bb1_3&Prime; _builder_version=\u00a0\u00bb4.24.3&Prime; _module_preset=\u00a0\u00bbdefault\u00a0\u00bb background_color=\u00a0\u00bb#BDE2D3&Prime; custom_padding=\u00a0\u00bb3%|3%|3%|3%|true|true\u00a0\u00bb border_radii=\u00a0\u00bbon|20px|20px|20px|20px\u00a0\u00bb global_colors_info=\u00a0\u00bb{}\u00a0\u00bb][et_pb_image src=\u00a0\u00bbhttps:\/\/epithelia.ca\/wp-content\/uploads\/2024\/04\/Malorie-Munger.jpg\u00a0\u00bb title_text=\u00a0\u00bbMalorie Munger\u00a0\u00bb url=\u00a0\u00bbhttps:\/\/epithelia.practicebetter.io\/#\/679bc80467039334f3b3998f\/bookings?step=services\u00a0\u00bb _builder_version=\u00a0\u00bb4.27.5&Prime; _module_preset=\u00a0\u00bbdefault\u00a0\u00bb hover_enabled=\u00a0\u00bb0&Prime; global_colors_info=\u00a0\u00bb{}\u00a0\u00bb border_radii=\u00a0\u00bbon|30px|30px|30px|30px\u00a0\u00bb sticky_enabled=\u00a0\u00bb0&Prime;][\/et_pb_image][et_pb_blurb title=\u00a0\u00bbMalorie Munger\u00a0\u00bb use_icon=\u00a0\u00bbon\u00a0\u00bb _builder_version=\u00a0\u00bb4.27.5&Prime; _module_preset=\u00a0\u00bbdefault\u00a0\u00bb header_font_size=\u00a0\u00bb24px\u00a0\u00bb body_font_size=\u00a0\u00bb17px\u00a0\u00bb custom_padding=\u00a0\u00bb||||false|false\u00a0\u00bb border_color_left=\u00a0\u00bb#8247E3&Prime; global_colors_info=\u00a0\u00bb{}\u00a0\u00bb]<\/p>\n<p><strong>Nutritionniste-di\u00e9t\u00e9tiste<\/strong><\/p>\n<p><strong>Types de consultation :<\/strong><\/p>\n<ul>\n<li style=\"font-weight: 400;\">Virtuel<\/li>\n<li style=\"font-weight: 400;\">Pr\u00e9sentiel au Saguenay-Lac-St-Jean<\/li>\n<\/ul>\n<p><strong>Sp\u00e9cialit\u00e9s :<\/strong><\/p>\n<ul>\n<li style=\"font-weight: 400;\">P\u00e9diatrie<\/li>\n<li style=\"font-weight: 400;\">Diab\u00e8te<\/li>\n<li style=\"font-weight: 400;\">Perte de poids<\/li>\n<li style=\"font-weight: 400;\">Hyperphagie<\/li>\n<li style=\"font-weight: 400;\">Relation avec la nourriture et l\u2019apparence corporelle<\/li>\n<li style=\"font-weight: 400;\">Maladies inflammatoires de l&rsquo;intestin (MII)<\/li>\n<li style=\"font-weight: 400;\">Syndrome de l&rsquo;intestin irritable (SII)<\/li>\n<\/ul>\n<p style=\"text-align: center;\"><strong><a href=\"mailto:malorie@epithelia.ca\" target=\"_blank\" rel=\"noopener\">malorie@epithelia.ca<\/a><\/strong><\/p>\n<p>[\/et_pb_blurb][et_pb_button button_url=\u00a0\u00bbhttps:\/\/epithelia.practicebetter.io\/#\/679bc80467039334f3b3998f\/bookings\u00a0\u00bb button_text=\u00a0\u00bbPrendre rendez-vous\u00a0\u00bb button_alignment=\u00a0\u00bbcenter\u00a0\u00bb _builder_version=\u00a0\u00bb4.27.5&Prime; _module_preset=\u00a0\u00bbdefault\u00a0\u00bb custom_button=\u00a0\u00bbon\u00a0\u00bb button_bg_color=\u00a0\u00bb#FFFFFF\u00a0\u00bb global_colors_info=\u00a0\u00bb{}\u00a0\u00bb][\/et_pb_button][et_pb_image src=\u00a0\u00bbhttps:\/\/epithelia.ca\/wp-content\/uploads\/2025\/02\/Logotype_Membre_RGB.avif\u00a0\u00bb title_text=\u00a0\u00bbLogotype_Membre_RGB\u00a0\u00bb align=\u00a0\u00bbcenter\u00a0\u00bb _builder_version=\u00a0\u00bb4.27.4&Prime; _module_preset=\u00a0\u00bbdefault\u00a0\u00bb width=\u00a0\u00bb60%\u00a0\u00bb border_radii=\u00a0\u00bbon|30px|30px|30px|30px\u00a0\u00bb global_colors_info=\u00a0\u00bb{}\u00a0\u00bb][\/et_pb_image][\/et_pb_column][et_pb_column type=\u00a0\u00bb1_3&Prime; _builder_version=\u00a0\u00bb4.24.3&Prime; _module_preset=\u00a0\u00bbdefault\u00a0\u00bb background_color=\u00a0\u00bb#BDE2D3&Prime; custom_padding=\u00a0\u00bb3%|3%|3%|3%|true|true\u00a0\u00bb border_radii=\u00a0\u00bbon|20px|20px|20px|20px\u00a0\u00bb global_colors_info=\u00a0\u00bb{}\u00a0\u00bb][et_pb_image src=\u00a0\u00bbhttps:\/\/epithelia.ca\/wp-content\/uploads\/2024\/04\/Catherine-Michaud.jpg\u00a0\u00bb title_text=\u00a0\u00bbCatherine Michaud\u00a0\u00bb url=\u00a0\u00bbhttps:\/\/epithelia.practicebetter.io\/#\/6668b478fc699793d4846999\/bookings\u00a0\u00bb _builder_version=\u00a0\u00bb4.27.5&Prime; _module_preset=\u00a0\u00bbdefault\u00a0\u00bb hover_enabled=\u00a0\u00bb0&Prime; global_colors_info=\u00a0\u00bb{}\u00a0\u00bb border_radii=\u00a0\u00bbon|30px|30px|30px|30px\u00a0\u00bb sticky_enabled=\u00a0\u00bb0&Prime;][\/et_pb_image][et_pb_blurb title=\u00a0\u00bbCatherine Michaud\u00a0\u00bb use_icon=\u00a0\u00bbon\u00a0\u00bb _builder_version=\u00a0\u00bb4.27.5&Prime; _module_preset=\u00a0\u00bbdefault\u00a0\u00bb header_font_size=\u00a0\u00bb24px\u00a0\u00bb body_font_size=\u00a0\u00bb17px\u00a0\u00bb custom_padding=\u00a0\u00bb||||false|false\u00a0\u00bb border_color_left=\u00a0\u00bb#8247E3&Prime; global_colors_info=\u00a0\u00bb{}\u00a0\u00bb]<strong>Nutritionniste-di\u00e9t\u00e9tiste<\/strong><\/p>\n<p><strong>Type de consultation :<\/strong><\/p>\n<ul>\n<li style=\"font-weight: 400;\">Virtuel<\/li>\n<li style=\"font-weight: 400;\">Pr\u00e9sentiel \u00e0 Qu\u00e9bec<\/li>\n<\/ul>\n<p><strong>Sp\u00e9cialit\u00e9s :\u00a0<\/strong><\/p>\n<ul>\n<li style=\"font-weight: 400;\">Syndrome de l&rsquo;intestin irritable (SII)<\/li>\n<li style=\"font-weight: 400;\">Constipation<\/li>\n<li style=\"font-weight: 400;\">Syndrome des ovaires polykystiques (SOPK)<\/li>\n<li style=\"font-weight: 400;\">Diab\u00e8te de type 2<\/li>\n<li style=\"font-weight: 400;\">Am\u00e9lioration des habitudes de vie<\/li>\n<li style=\"font-weight: 400;\">Relation avec la nourriture<\/li>\n<\/ul>\n<p style=\"text-align: center;\"><strong><a href=\"mailto:catherine@epithelia.ca\" target=\"_blank\" rel=\"noopener\">catherine@epithelia.ca<\/a><\/strong><\/p>\n<p style=\"text-align: left;\">*Services offerts en anglais \u00e9galement<\/p>\n<p>[\/et_pb_blurb][et_pb_button button_url=\u00a0\u00bbhttps:\/\/epithelia.practicebetter.io\/#\/6668b478fc699793d4846999\/bookings\u00a0\u00bb button_text=\u00a0\u00bbPrendre rendez-vous\u00a0\u00bb button_alignment=\u00a0\u00bbcenter\u00a0\u00bb _builder_version=\u00a0\u00bb4.27.5&Prime; _module_preset=\u00a0\u00bbdefault\u00a0\u00bb custom_button=\u00a0\u00bbon\u00a0\u00bb button_bg_color=\u00a0\u00bb#FFFFFF\u00a0\u00bb global_colors_info=\u00a0\u00bb{}\u00a0\u00bb][\/et_pb_button][et_pb_image src=\u00a0\u00bbhttps:\/\/epithelia.ca\/wp-content\/uploads\/2025\/02\/Logotype_Membre_RGB.avif\u00a0\u00bb title_text=\u00a0\u00bbLogotype_Membre_RGB\u00a0\u00bb align=\u00a0\u00bbcenter\u00a0\u00bb _builder_version=\u00a0\u00bb4.27.4&Prime; _module_preset=\u00a0\u00bbdefault\u00a0\u00bb width=\u00a0\u00bb60%\u00a0\u00bb border_radii=\u00a0\u00bbon|30px|30px|30px|30px\u00a0\u00bb global_colors_info=\u00a0\u00bb{}\u00a0\u00bb][\/et_pb_image][\/et_pb_column][\/et_pb_row][et_pb_row column_structure=\u00a0\u00bb1_3,1_3,1_3&Prime; use_custom_gutter=\u00a0\u00bbon\u00a0\u00bb gutter_width=\u00a0\u00bb2&Prime; make_equal=\u00a0\u00bbon\u00a0\u00bb _builder_version=\u00a0\u00bb4.24.3&Prime; _module_preset=\u00a0\u00bbdefault\u00a0\u00bb global_colors_info=\u00a0\u00bb{}\u00a0\u00bb][et_pb_column type=\u00a0\u00bb1_3&Prime; _builder_version=\u00a0\u00bb4.24.3&Prime; _module_preset=\u00a0\u00bbdefault\u00a0\u00bb background_color=\u00a0\u00bb#BDE2D3&Prime; custom_padding=\u00a0\u00bb3%|3%|3%|3%|true|true\u00a0\u00bb border_radii=\u00a0\u00bbon|20px|20px|20px|20px\u00a0\u00bb global_colors_info=\u00a0\u00bb{}\u00a0\u00bb][et_pb_image src=\u00a0\u00bbhttps:\/\/epithelia.ca\/wp-content\/uploads\/2026\/04\/Creation-sans-titre-24.png\u00a0\u00bb title_text=\u00a0\u00bbCre\u0301ation sans titre (24)\u00a0\u00bb url=\u00a0\u00bbhttps:\/\/epithelia.practicebetter.io\/#\/68b901b57f0f2f8a3fa4b665\/bookings?step=services\u00a0\u00bb _builder_version=\u00a0\u00bb4.27.5&Prime; _module_preset=\u00a0\u00bbdefault\u00a0\u00bb hover_enabled=\u00a0\u00bb0&Prime; global_colors_info=\u00a0\u00bb{}\u00a0\u00bb border_radii=\u00a0\u00bbon|30px|30px|30px|30px\u00a0\u00bb sticky_enabled=\u00a0\u00bb0&Prime;][\/et_pb_image][et_pb_blurb title=\u00a0\u00bbMeriem Khellaf\u00a0\u00bb use_icon=\u00a0\u00bbon\u00a0\u00bb _builder_version=\u00a0\u00bb4.27.5&Prime; _module_preset=\u00a0\u00bbdefault\u00a0\u00bb header_font_size=\u00a0\u00bb24px\u00a0\u00bb body_font_size=\u00a0\u00bb17px\u00a0\u00bb custom_padding=\u00a0\u00bb||||false|false\u00a0\u00bb border_color_left=\u00a0\u00bb#8247E3&Prime; global_colors_info=\u00a0\u00bb{}\u00a0\u00bb]<strong>Nutritionniste-di\u00e9t\u00e9tiste<\/strong><\/p>\n<p><strong>Type de consultation :<\/strong><\/p>\n<ul>\n<li style=\"font-weight: 400;\">Virtuel<\/li>\n<\/ul>\n<p><strong>Sp\u00e9cialit\u00e9s :\u00a0<\/strong><\/p>\n<ul>\n<li style=\"font-weight: 400;\">Syndrome de l&rsquo;intestin irritable (SII)<\/li>\n<li style=\"font-weight: 400;\">Gaz, ballonnements, reflux gastrique et br\u00fblements d\u2019estomac<\/li>\n<li style=\"font-weight: 400;\">Diarrh\u00e9e\/constipation<\/li>\n<li style=\"font-weight: 400;\">Maladie de Crohn ou colite ulc\u00e9reuse<\/li>\n<li style=\"font-weight: 400;\">St\u00e9atose h\u00e9patique et foie gras<\/li>\n<\/ul>\n<p style=\"text-align: center;\"><strong><a href=\"mailto:meriem@epithelia.ca\" target=\"_blank\" rel=\"noopener\">meriem@epithelia.ca<\/a><\/strong><\/p>\n<p>[\/et_pb_blurb][et_pb_text _builder_version=\u00a0\u00bb4.27.5&Prime; _module_preset=\u00a0\u00bbdefault\u00a0\u00bb global_colors_info=\u00a0\u00bb{}\u00a0\u00bb]<\/p>\n<p style=\"text-align: center;\">*Disponible les week-ends.<\/p>\n<p>[\/et_pb_text][et_pb_button button_url=\u00a0\u00bbhttps:\/\/epithelia.practicebetter.io\/#\/68b901b57f0f2f8a3fa4b665\/bookings?step=services\u00a0\u00bb url_new_window=\u00a0\u00bbon\u00a0\u00bb button_text=\u00a0\u00bbPrendre rendez-vous\u00a0\u00bb button_alignment=\u00a0\u00bbcenter\u00a0\u00bb _builder_version=\u00a0\u00bb4.27.5&Prime; _module_preset=\u00a0\u00bbdefault\u00a0\u00bb custom_button=\u00a0\u00bbon\u00a0\u00bb button_bg_color=\u00a0\u00bb#FFFFFF\u00a0\u00bb global_colors_info=\u00a0\u00bb{}\u00a0\u00bb][\/et_pb_button][et_pb_image src=\u00a0\u00bbhttps:\/\/epithelia.ca\/wp-content\/uploads\/2025\/02\/Logotype_Membre_RGB.avif\u00a0\u00bb title_text=\u00a0\u00bbLogotype_Membre_RGB\u00a0\u00bb align=\u00a0\u00bbcenter\u00a0\u00bb _builder_version=\u00a0\u00bb4.27.4&Prime; _module_preset=\u00a0\u00bbdefault\u00a0\u00bb width=\u00a0\u00bb60%\u00a0\u00bb border_radii=\u00a0\u00bbon|30px|30px|30px|30px\u00a0\u00bb global_colors_info=\u00a0\u00bb{}\u00a0\u00bb][\/et_pb_image][\/et_pb_column][et_pb_column type=\u00a0\u00bb1_3&Prime; _builder_version=\u00a0\u00bb4.24.3&Prime; _module_preset=\u00a0\u00bbdefault\u00a0\u00bb background_color=\u00a0\u00bb#BDE2D3&Prime; custom_padding=\u00a0\u00bb3%|3%|3%|3%|true|true\u00a0\u00bb border_radii=\u00a0\u00bbon|20px|20px|20px|20px\u00a0\u00bb global_colors_info=\u00a0\u00bb{}\u00a0\u00bb][et_pb_image src=\u00a0\u00bbhttps:\/\/epithelia.ca\/wp-content\/uploads\/2026\/04\/Creation-sans-titre-23.png\u00a0\u00bb title_text=\u00a0\u00bbCre\u0301ation sans titre (23)\u00a0\u00bb _builder_version=\u00a0\u00bb4.27.5&Prime; _module_preset=\u00a0\u00bbdefault\u00a0\u00bb width=\u00a0\u00bb100%\u00a0\u00bb hover_enabled=\u00a0\u00bb0&Prime; global_colors_info=\u00a0\u00bb{}\u00a0\u00bb border_radii=\u00a0\u00bbon|30px|30px|30px|30px\u00a0\u00bb sticky_enabled=\u00a0\u00bb0&Prime;][\/et_pb_image][et_pb_blurb title=\u00a0\u00bbLaurence V\u00e9zina\u00a0\u00bb use_icon=\u00a0\u00bbon\u00a0\u00bb _builder_version=\u00a0\u00bb4.27.5&Prime; _module_preset=\u00a0\u00bbdefault\u00a0\u00bb header_font_size=\u00a0\u00bb24px\u00a0\u00bb body_font_size=\u00a0\u00bb17px\u00a0\u00bb custom_padding=\u00a0\u00bb||||false|false\u00a0\u00bb border_color_left=\u00a0\u00bb#8247E3&Prime; global_colors_info=\u00a0\u00bb{}\u00a0\u00bb]<strong>Nutritionniste-di\u00e9t\u00e9tiste<\/strong><\/p>\n<p><strong>Type de consultation :\u00a0<\/strong><\/p>\n<ul>\n<li style=\"font-weight: 400;\">Virtuel<\/li>\n<\/ul>\n<p><strong>Sp\u00e9cialit\u00e9s :\u00a0<\/strong><\/p>\n<ul>\n<li style=\"font-weight: 400;\"><span>Sant\u00e9 digestive<\/span><\/li>\n<li style=\"font-weight: 400;\"><span>Sant\u00e9 hormonale<\/span><\/li>\n<li style=\"font-weight: 400;\"><span>Conditions m\u00e9taboliques<\/span><\/li>\n<li style=\"font-weight: 400;\"><span>Am\u00e9lioration des habitudes de vie<\/span><\/li>\n<li style=\"font-weight: 400;\"><span>Alimentation v\u00e9g\u00e9tale<\/span><\/li>\n<\/ul>\n<p style=\"text-align: center;\"><a href=\"mailto:lvezina@epithelia.ca\"><b>lvezina@epithelia.ca<\/b><\/a><\/p>\n<p>[\/et_pb_blurb][et_pb_text _builder_version=\u00a0\u00bb4.27.5&Prime; _module_preset=\u00a0\u00bbdefault\u00a0\u00bb global_colors_info=\u00a0\u00bb{}\u00a0\u00bb]<\/p>\n<p style=\"text-align: center;\">*Service offert en anglais \u00e9galement<\/p>\n<p>[\/et_pb_text][et_pb_button button_url=\u00a0\u00bbhttps:\/\/epithelia.practicebetter.io\/#\/695d487c550e75728c548c4f\/bookings?step=services\u00a0\u00bb url_new_window=\u00a0\u00bbon\u00a0\u00bb button_text=\u00a0\u00bbPrendre rendez-vous\u00a0\u00bb button_alignment=\u00a0\u00bbcenter\u00a0\u00bb _builder_version=\u00a0\u00bb4.27.5&Prime; _module_preset=\u00a0\u00bbdefault\u00a0\u00bb custom_button=\u00a0\u00bbon\u00a0\u00bb button_bg_color=\u00a0\u00bb#FFFFFF\u00a0\u00bb global_colors_info=\u00a0\u00bb{}\u00a0\u00bb][\/et_pb_button][et_pb_image src=\u00a0\u00bbhttps:\/\/epithelia.ca\/wp-content\/uploads\/2026\/01\/1694787438692.jpeg\u00a0\u00bb title_text=\u00a0\u00bb1694787438692&Prime; align=\u00a0\u00bbcenter\u00a0\u00bb _builder_version=\u00a0\u00bb4.27.5&Prime; _module_preset=\u00a0\u00bbdefault\u00a0\u00bb width=\u00a0\u00bb39%\u00a0\u00bb border_radii=\u00a0\u00bbon|6px|6px|6px|6px\u00a0\u00bb global_colors_info=\u00a0\u00bb{}\u00a0\u00bb][\/et_pb_image][et_pb_image src=\u00a0\u00bbhttps:\/\/epithelia.ca\/wp-content\/uploads\/2025\/02\/Logotype_Membre_RGB.avif\u00a0\u00bb title_text=\u00a0\u00bbLogotype_Membre_RGB\u00a0\u00bb align=\u00a0\u00bbcenter\u00a0\u00bb _builder_version=\u00a0\u00bb4.27.4&Prime; _module_preset=\u00a0\u00bbdefault\u00a0\u00bb width=\u00a0\u00bb60%\u00a0\u00bb border_radii=\u00a0\u00bbon|30px|30px|30px|30px\u00a0\u00bb global_colors_info=\u00a0\u00bb{}\u00a0\u00bb][\/et_pb_image][\/et_pb_column][et_pb_column type=\u00a0\u00bb1_3&Prime; _builder_version=\u00a0\u00bb4.24.3&Prime; _module_preset=\u00a0\u00bbdefault\u00a0\u00bb background_color=\u00a0\u00bb#BDE2D3&Prime; custom_padding=\u00a0\u00bb3%|3%|3%|3%|true|true\u00a0\u00bb border_radii=\u00a0\u00bbon|20px|20px|20px|20px\u00a0\u00bb global_colors_info=\u00a0\u00bb{}\u00a0\u00bb][et_pb_image src=\u00a0\u00bbhttps:\/\/epithelia.ca\/wp-content\/uploads\/2024\/04\/Roxanne-Mercier.jpg\u00a0\u00bb title_text=\u00a0\u00bbRoxanne Mercier\u00a0\u00bb url=\u00a0\u00bbhttps:\/\/www.gorendezvous.com\/epithelia?companyId=112483&#038;eids=133363&Prime; _builder_version=\u00a0\u00bb4.27.5&Prime; _module_preset=\u00a0\u00bbdefault\u00a0\u00bb hover_enabled=\u00a0\u00bb0&Prime; global_colors_info=\u00a0\u00bb{}\u00a0\u00bb border_radii=\u00a0\u00bbon|30px|30px|30px|30px\u00a0\u00bb sticky_enabled=\u00a0\u00bb0&Prime;][\/et_pb_image][et_pb_blurb title=\u00a0\u00bbRoxanne Mercier, M.Sc.\u00a0\u00bb use_icon=\u00a0\u00bbon\u00a0\u00bb _builder_version=\u00a0\u00bb4.27.5&Prime; _module_preset=\u00a0\u00bbdefault\u00a0\u00bb header_font_size=\u00a0\u00bb24px\u00a0\u00bb body_font_size=\u00a0\u00bb17px\u00a0\u00bb custom_padding=\u00a0\u00bb||||false|false\u00a0\u00bb border_color_left=\u00a0\u00bb#8247E3&Prime; global_colors_info=\u00a0\u00bb{}\u00a0\u00bb]<\/p>\n<p><strong>Responsable du comit\u00e9 scientifique<\/strong><\/p>\n<p><strong><\/strong><\/p>\n<div class=\"et_pb_blurb_description\">\n<ul>\n<li style=\"font-weight: 400;\">Cr\u00e9ation du contenu<\/li>\n<li style=\"font-weight: 400;\">Vulgarisation de la litt\u00e9rature scientifique<\/li>\n<li style=\"font-weight: 400;\">R\u00e9daction d\u2019articles de blogue<\/li>\n<li style=\"font-weight: 400;\">Conception et validation scientifique de conf\u00e9rence m\u00e9dicale et grand public<\/li>\n<\/ul>\n<p style=\"text-align: center;\"><strong><a href=\"mailto:roxanne@epithelia.ca\">roxanne@epithelia.ca<\/a><\/strong><\/p>\n<\/div>\n<p>[\/et_pb_blurb][et_pb_image src=\u00a0\u00bbhttps:\/\/epithelia.ca\/wp-content\/uploads\/2025\/02\/Logotype_Membre_RGB.avif\u00a0\u00bb title_text=\u00a0\u00bbLogotype_Membre_RGB\u00a0\u00bb align=\u00a0\u00bbcenter\u00a0\u00bb _builder_version=\u00a0\u00bb4.27.5&Prime; _module_preset=\u00a0\u00bbdefault\u00a0\u00bb width=\u00a0\u00bb60%\u00a0\u00bb custom_margin=\u00a0\u00bb15px||||false|false\u00a0\u00bb hover_enabled=\u00a0\u00bb0&Prime; border_radii=\u00a0\u00bbon|30px|30px|30px|30px\u00a0\u00bb global_colors_info=\u00a0\u00bb{}\u00a0\u00bb sticky_enabled=\u00a0\u00bb0&Prime;][\/et_pb_image][\/et_pb_column][\/et_pb_row][et_pb_row column_structure=\u00a0\u00bb1_3,1_3,1_3&Prime; use_custom_gutter=\u00a0\u00bbon\u00a0\u00bb gutter_width=\u00a0\u00bb2&Prime; make_equal=\u00a0\u00bbon\u00a0\u00bb _builder_version=\u00a0\u00bb4.27.5&Prime; _module_preset=\u00a0\u00bbdefault\u00a0\u00bb global_colors_info=\u00a0\u00bb{}\u00a0\u00bb][et_pb_column type=\u00a0\u00bb1_3&Prime; _builder_version=\u00a0\u00bb4.24.3&Prime; _module_preset=\u00a0\u00bbdefault\u00a0\u00bb background_color=\u00a0\u00bb#BDE2D3&Prime; custom_padding=\u00a0\u00bb3%|3%|3%|3%|true|true\u00a0\u00bb border_radii=\u00a0\u00bbon|20px|20px|20px|20px\u00a0\u00bb global_colors_info=\u00a0\u00bb{}\u00a0\u00bb][et_pb_image src=\u00a0\u00bbhttps:\/\/epithelia.ca\/wp-content\/uploads\/2026\/04\/Creation-sans-titre-25.png\u00a0\u00bb title_text=\u00a0\u00bbCre\u0301ation sans titre (25)\u00a0\u00bb align=\u00a0\u00bbcenter\u00a0\u00bb _builder_version=\u00a0\u00bb4.27.5&Prime; _module_preset=\u00a0\u00bbdefault\u00a0\u00bb width=\u00a0\u00bb87%\u00a0\u00bb hover_enabled=\u00a0\u00bb0&Prime; global_colors_info=\u00a0\u00bb{}\u00a0\u00bb border_radii=\u00a0\u00bbon|30px|30px|30px|30px\u00a0\u00bb sticky_enabled=\u00a0\u00bb0&Prime;][\/et_pb_image][et_pb_blurb title=\u00a0\u00bbAndr\u00e9anne Martin\u00a0\u00bb use_icon=\u00a0\u00bbon\u00a0\u00bb _builder_version=\u00a0\u00bb4.27.5&Prime; _module_preset=\u00a0\u00bbdefault\u00a0\u00bb header_font_size=\u00a0\u00bb24px\u00a0\u00bb body_font_size=\u00a0\u00bb17px\u00a0\u00bb custom_padding=\u00a0\u00bb||||false|false\u00a0\u00bb border_color_left=\u00a0\u00bb#8247E3&Prime; global_colors_info=\u00a0\u00bb{}\u00a0\u00bb]<\/p>\n<p style=\"text-align: left;\"><strong>Pr\u00e9sidente et fondatrice<\/strong><\/p>\n<ul>\n<li style=\"font-weight: 400;\">Conf\u00e9rences<\/li>\n<li style=\"font-weight: 400;\">Cr\u00e9ation de contenu<\/li>\n<li style=\"font-weight: 400;\">D\u00e9veloppement des affaires<\/li>\n<li style=\"font-weight: 400;\">Gestion de l\u2019organisation<\/li>\n<li style=\"font-weight: 400;\">Innovation<\/li>\n<\/ul>\n<p style=\"text-align: center;\"><strong><a href=\"mailto:amartin@andreannemartin.com\" target=\"_blank\" rel=\"noopener\">amartin@andreannemartin.com<\/a><\/strong><\/p>\n<p>[\/et_pb_blurb][\/et_pb_column][et_pb_column type=\u00a0\u00bb1_3&Prime; _builder_version=\u00a0\u00bb4.24.3&Prime; _module_preset=\u00a0\u00bbdefault\u00a0\u00bb background_color=\u00a0\u00bb#BDE2D3&Prime; custom_padding=\u00a0\u00bb3%|3%|3%|3%|true|true\u00a0\u00bb border_radii=\u00a0\u00bbon|20px|20px|20px|20px\u00a0\u00bb global_colors_info=\u00a0\u00bb{}\u00a0\u00bb][et_pb_image src=\u00a0\u00bbhttps:\/\/epithelia.ca\/wp-content\/uploads\/2024\/04\/Laurence-Fournier.jpg\u00a0\u00bb title_text=\u00a0\u00bbLaurence Fournier\u00a0\u00bb align=\u00a0\u00bbcenter\u00a0\u00bb _builder_version=\u00a0\u00bb4.27.5&Prime; _module_preset=\u00a0\u00bbdefault\u00a0\u00bb width=\u00a0\u00bb88%\u00a0\u00bb hover_enabled=\u00a0\u00bb0&Prime; global_colors_info=\u00a0\u00bb{}\u00a0\u00bb border_radii=\u00a0\u00bbon|30px|30px|30px|30px\u00a0\u00bb sticky_enabled=\u00a0\u00bb0&Prime;][\/et_pb_image][et_pb_blurb title=\u00a0\u00bbLaurence Fournier\u00a0\u00bb use_icon=\u00a0\u00bbon\u00a0\u00bb _builder_version=\u00a0\u00bb4.27.5&Prime; _module_preset=\u00a0\u00bbdefault\u00a0\u00bb header_font_size=\u00a0\u00bb24px\u00a0\u00bb body_font_size=\u00a0\u00bb17px\u00a0\u00bb custom_padding=\u00a0\u00bb||||false|false\u00a0\u00bb border_color_left=\u00a0\u00bb#8247E3&Prime; global_colors_info=\u00a0\u00bb{}\u00a0\u00bb]<\/p>\n<p><strong>Coordonnatrice, responsable \u00e0 la comptabilit\u00e9 et responsable de la protection des renseignements personnels (DPO)<\/strong><\/p>\n<ul>\n<li style=\"font-weight: 400;\">Gestion des rendez-vous<\/li>\n<li style=\"font-weight: 400;\">Service \u00e0 la client\u00e8le<\/li>\n<li style=\"font-weight: 400;\">Facturation et comptabilit\u00e9<\/li>\n<\/ul>\n<p style=\"text-align: center;\"><strong><a href=\"mailto:lfournier@epithelia.ca\" target=\"_blank\" rel=\"noopener\">lfournier@epithelia.ca<\/a><br \/><\/strong><strong><a href=\"mailto:comptabilit\u00e9@andreannemartin.com\" target=\"_blank\" rel=\"noopener\"><span style=\"font-size: small;\">comptabilit\u00e9@andreannemartin.com<\/span><\/a><\/strong><\/p>\n<p>[\/et_pb_blurb][\/et_pb_column][et_pb_column type=\u00a0\u00bb1_3&Prime; _builder_version=\u00a0\u00bb4.27.5&Prime; _module_preset=\u00a0\u00bbdefault\u00a0\u00bb background_color=\u00a0\u00bb#F4ECE7&Prime; custom_padding=\u00a0\u00bb3%|3%|3%|3%|true|true\u00a0\u00bb border_radii=\u00a0\u00bbon|20px|20px|20px|20px\u00a0\u00bb global_colors_info=\u00a0\u00bb{}\u00a0\u00bb][\/et_pb_column][\/et_pb_row][\/et_pb_section]<\/p>\n","protected":false},"excerpt":{"rendered":"<p>L&rsquo;\u00e9quipe \u00c9pith\u00e9lia\u00ab Je suis fi\u00e8re de plusieurs choses en tant qu\u2019entrepreneure, mais l\u2019une de mes plus grandes fiert\u00e9s est d\u00e9finitivement la synergie et le potentiel de mon \u00e9quipe en place! \u00bb &#8211; Andr\u00e9anne Martin, fondatrice d&rsquo;\u00c9pith\u00e9lia.Et si on avan\u00e7ait ensemble ?Chez \u00c9pith\u00e9lia, on prend soin de vous comme si vous faisiez partie de notre famille. [&hellip;]<\/p>\n","protected":false},"author":1,"featured_media":0,"parent":0,"menu_order":0,"comment_status":"closed","ping_status":"closed","template":"","meta":{"_et_pb_use_builder":"on","_et_pb_old_content":"","_et_gb_content_width":"","wprm-recipe-roundup-name":"","wprm-recipe-roundup-description":"","footnotes":""},"class_list":["post-4403976","page","type-page","status-publish","hentry"],"aioseo_notices":[],"_links":{"self":[{"href":"https:\/\/epithelia.ca\/en\/wp-json\/wp\/v2\/pages\/4403976","targetHints":{"allow":["GET"]}}],"collection":[{"href":"https:\/\/epithelia.ca\/en\/wp-json\/wp\/v2\/pages"}],"about":[{"href":"https:\/\/epithelia.ca\/en\/wp-json\/wp\/v2\/types\/page"}],"author":[{"embeddable":true,"href":"https:\/\/epithelia.ca\/en\/wp-json\/wp\/v2\/users\/1"}],"replies":[{"embeddable":true,"href":"https:\/\/epithelia.ca\/en\/wp-json\/wp\/v2\/comments?post=4403976"}],"version-history":[{"count":39,"href":"https:\/\/epithelia.ca\/en\/wp-json\/wp\/v2\/pages\/4403976\/revisions"}],"predecessor-version":[{"id":4415323,"href":"https:\/\/epithelia.ca\/en\/wp-json\/wp\/v2\/pages\/4403976\/revisions\/4415323"}],"wp:attachment":[{"href":"https:\/\/epithelia.ca\/en\/wp-json\/wp\/v2\/media?parent=4403976"}],"curies":[{"name":"wp","href":"https:\/\/api.w.org\/{rel}","templated":true}]}}