{"id":4409776,"date":"2024-11-04T19:29:52","date_gmt":"2024-11-04T23:29:52","guid":{"rendered":"https:\/\/epithelia.ca\/?page_id=4409776"},"modified":"2025-08-27T15:05:34","modified_gmt":"2025-08-27T19:05:34","slug":"our-speakers","status":"publish","type":"page","link":"https:\/\/epithelia.ca\/en\/nos-conferencieres\/","title":{"rendered":"Our speakers"},"content":{"rendered":"<p>[et_pb_section fb_built=\u00a0\u00bb1&Prime; admin_label=\u00a0\u00bbHeader\u00a0\u00bb _builder_version=\u00a0\u00bb4.24.3&Prime; _module_preset=\u00a0\u00bbdefault\u00a0\u00bb background_color=\u00a0\u00bbRGBA(255,255,255,0)\u00a0\u00bb overflow-x=\u00a0\u00bbhidden\u00a0\u00bb overflow-y=\u00a0\u00bbhidden\u00a0\u00bb custom_padding=\u00a0\u00bb68px||12px|||\u00a0\u00bb collapsed=\u00a0\u00bbon\u00a0\u00bb global_colors_info=\u00a0\u00bb{}\u00a0\u00bb][et_pb_row column_structure=\u00a0\u00bb2_3,1_3&Prime; _builder_version=\u00a0\u00bb4.27.2&Prime; _module_preset=\u00a0\u00bbdefault\u00a0\u00bb custom_padding=\u00a0\u00bb12px|||||\u00a0\u00bb global_colors_info=\u00a0\u00bb{}\u00a0\u00bb][et_pb_column type=\u00a0\u00bb2_3&Prime; _builder_version=\u00a0\u00bb4.23.1&Prime; _module_preset=\u00a0\u00bbdefault\u00a0\u00bb global_colors_info=\u00a0\u00bb{}\u00a0\u00bb][et_pb_text _builder_version=\u00a0\u00bb4.24.2&Prime; _module_preset=\u00a0\u00bb_initial\u00a0\u00bb header_font=\u00a0\u00bb|700|||||||\u00a0\u00bb header_font_size=\u00a0\u00bb58px\u00a0\u00bb custom_margin=\u00a0\u00bb||10px||false|false\u00a0\u00bb header_font_size_tablet=\u00a0\u00bb58px\u00a0\u00bb header_font_size_phone=\u00a0\u00bb54px\u00a0\u00bb header_font_size_last_edited=\u00a0\u00bbon|phone\u00a0\u00bb global_colors_info=\u00a0\u00bb{}\u00a0\u00bb]<\/p>\n<h1>Nos conf\u00e9renci\u00e8res<\/h1>\n<p>[\/et_pb_text][et_pb_text _builder_version=\u00a0\u00bb4.27.2&Prime; _module_preset=\u00a0\u00bb_initial\u00a0\u00bb header_3_text_color=\u00a0\u00bb#000000&Prime; header_3_font_size=\u00a0\u00bb21px\u00a0\u00bb header_3_line_height=\u00a0\u00bb1.6em\u00a0\u00bb min_height=\u00a0\u00bb23.6px\u00a0\u00bb header_3_font_size_tablet=\u00a0\u00bb\u00a0\u00bb header_3_font_size_phone=\u00a0\u00bb23px\u00a0\u00bb header_3_font_size_last_edited=\u00a0\u00bbon|phone\u00a0\u00bb global_colors_info=\u00a0\u00bb{}\u00a0\u00bb]<\/p>\n<p style=\"text-align: justify;\">Chez \u00c9pith\u00e9lia, nos nutritionnistes-di\u00e9t\u00e9tistes vous invitent \u00e0 d\u00e9couvrir l&rsquo;univers de la sant\u00e9 digestive \u00e0 travers des conf\u00e9rences enrichissantes et percutantes. Que ce soit pour d\u00e9mystifier des concepts complexes en nutrition, discuter de bien-\u00eatre global ou partager des conseils pratiques pour transformer votre quotidien, nos conf\u00e9renci\u00e8res rendent chaque sujet \u00e0 la fois passionnant et accessible.<\/p>\n<p style=\"text-align: justify;\">\u00c0 chaque \u00e9v\u00e9nement, elles cr\u00e9ent un espace inspirant o\u00f9 vous repartez avec des id\u00e9es concr\u00e8tes pour prendre soin de votre sant\u00e9, \u00e0 votre rythme et selon vos besoins. \u00c9coutez, apprenez, et laissez-vous guider vers un mieux-\u00eatre durable.<\/p>\n<p>[\/et_pb_text][et_pb_button button_url=\u00a0\u00bbhttps:\/\/epithelia.ca\/contactez-nous\/\u00a0\u00bb url_new_window=\u00a0\u00bbon\u00a0\u00bb button_text=\u00a0\u00bbContactez-nous pour r\u00e9server une conf\u00e9rence\u00a0\u00bb button_alignment=\u00a0\u00bbleft\u00a0\u00bb _builder_version=\u00a0\u00bb4.27.2&Prime; _module_preset=\u00a0\u00bb_initial\u00a0\u00bb custom_margin=\u00a0\u00bb25px|||||\u00a0\u00bb global_colors_info=\u00a0\u00bb{}\u00a0\u00bb][\/et_pb_button][\/et_pb_column][et_pb_column type=\u00a0\u00bb1_3&Prime; _builder_version=\u00a0\u00bb4.24.2&Prime; _module_preset=\u00a0\u00bbdefault\u00a0\u00bb global_colors_info=\u00a0\u00bb{}\u00a0\u00bb][et_pb_image src=\u00a0\u00bbhttps:\/\/epithelia.ca\/wp-content\/uploads\/2024\/04\/EPITHELIA_Logo_Formation_VioletRGB.png\u00a0\u00bb title_text=\u00a0\u00bbEPITHELIA_Logo_Formation_VioletRGB\u00a0\u00bb _builder_version=\u00a0\u00bb4.24.2&Prime; _module_preset=\u00a0\u00bbdefault\u00a0\u00bb global_colors_info=\u00a0\u00bb{}\u00a0\u00bb][\/et_pb_image][\/et_pb_column][\/et_pb_row][\/et_pb_section][et_pb_section fb_built=\u00a0\u00bb1&Prime; _builder_version=\u00a0\u00bb4.27.2&Prime; _module_preset=\u00a0\u00bbdefault\u00a0\u00bb global_colors_info=\u00a0\u00bb{}\u00a0\u00bb][et_pb_row column_structure=\u00a0\u00bb1_3,2_3&Prime; _builder_version=\u00a0\u00bb4.27.2&Prime; _module_preset=\u00a0\u00bbdefault\u00a0\u00bb custom_padding=\u00a0\u00bb3%|3%|3%|3%|true|true\u00a0\u00bb border_radii=\u00a0\u00bbon|30px|30px|30px|30px\u00a0\u00bb border_width_all=\u00a0\u00bb3px\u00a0\u00bb border_color_all=\u00a0\u00bb#8247E3&Prime; global_colors_info=\u00a0\u00bb{}\u00a0\u00bb][et_pb_column type=\u00a0\u00bb1_3&Prime; _builder_version=\u00a0\u00bb4.27.2&Prime; _module_preset=\u00a0\u00bbdefault\u00a0\u00bb global_colors_info=\u00a0\u00bb{}\u00a0\u00bb][et_pb_image src=\u00a0\u00bbhttps:\/\/epithelia.ca\/wp-content\/uploads\/2024\/04\/Malorie-Munger.jpg\u00a0\u00bb title_text=\u00a0\u00bbMalorie-Munger\u00a0\u00bb _builder_version=\u00a0\u00bb4.27.2&Prime; _module_preset=\u00a0\u00bbdefault\u00a0\u00bb border_radii=\u00a0\u00bbon|30px|30px|30px|30px\u00a0\u00bb global_colors_info=\u00a0\u00bb{}\u00a0\u00bb][\/et_pb_image][\/et_pb_column][et_pb_column type=\u00a0\u00bb2_3&Prime; _builder_version=\u00a0\u00bb4.27.2&Prime; _module_preset=\u00a0\u00bbdefault\u00a0\u00bb global_colors_info=\u00a0\u00bb{}\u00a0\u00bb][et_pb_text _builder_version=\u00a0\u00bb4.27.2&Prime; _module_preset=\u00a0\u00bbdefault\u00a0\u00bb global_colors_info=\u00a0\u00bb{}\u00a0\u00bb]<\/p>\n<h2>Malorie Munger<\/h2>\n<p><em><strong>Nutritionniste-di\u00e9t\u00e9tiste<\/strong><\/em><\/p>\n<p>Malorie est une nutritionniste passionn\u00e9e qui a toujours trouv\u00e9 l\u2019\u00e9quilibre entre le plaisir de bien manger et le bien-\u00eatre. Forte de son expertise en nutrition, elle accompagne ses clients vers une alimentation plus saine tout en valorisant la gourmandise et le plaisir \u00e0 table. Sa philosophie est simple : bien manger ne doit jamais rimer avec privation.<\/p>\n<p>Bleuet jusqu\u2019au bout des ongles, elle a tout de m\u00eame travers\u00e9 le parc des Laurentides pour faire ses \u00e9tudes en nutrition \u00e0 l\u2019Universit\u00e9 Laval, en m\u00eame temps qu\u2019un dipl\u00f4me en psychologie. Aussit\u00f4t son baccalaur\u00e9at termin\u00e9, elle a fait le chemin inverse pour revenir s\u2019\u00e9tablir \u00e0 la campagne. Amoureuse des animaux, elle adore s&rsquo;occuper de sa petite fermette et cultiver un lien authentique avec la terre. Cette proximit\u00e9 avec la nature nourrit ses approches nutritionnelles, bas\u00e9es sur des aliments simples, naturels et respectueux de l&rsquo;environnement. Malorie partage sa passion \u00e0 travers des conf\u00e9rences captivantes, o\u00f9 elle sensibilise le public \u00e0 l\u2019importance d\u2019une alimentation \u00e9quilibr\u00e9e et savoureuse. Son objectif est de d\u00e9mystifier la nutrition tout en offrant des conseils concrets et accessibles.<\/p>\n<p>[\/et_pb_text][et_pb_toggle title=\u00a0\u00bbConf\u00e9rences qu\u2019elle peut donner :\u00a0\u00bb open_toggle_text_color=\u00a0\u00bb#000000&Prime; open_toggle_background_color=\u00a0\u00bb#BDE2D3&Prime; closed_toggle_background_color=\u00a0\u00bb#BDE2D3&Prime; icon_color=\u00a0\u00bb#AA6E4F\u00a0\u00bb toggle_icon=\u00a0\u00bb&#xf067;||fa||900&Prime; use_icon_font_size=\u00a0\u00bbon\u00a0\u00bb icon_font_size=\u00a0\u00bb20px\u00a0\u00bb open_icon_color=\u00a0\u00bb#AA6E4F\u00a0\u00bb open_toggle_icon=\u00a0\u00bb&#xf068;||fa||900&Prime; open_use_icon_font_size=\u00a0\u00bbon\u00a0\u00bb open_icon_font_size=\u00a0\u00bb20px\u00a0\u00bb _builder_version=\u00a0\u00bb4.27.2&Prime; _module_preset=\u00a0\u00bbdefault\u00a0\u00bb title_text_color=\u00a0\u00bb#000000&Prime; title_font=\u00a0\u00bb|700|||||||\u00a0\u00bb border_radii=\u00a0\u00bbon|50px|50px|50px|50px\u00a0\u00bb border_width_all=\u00a0\u00bb2px\u00a0\u00bb border_color_all=\u00a0\u00bb#8247E3&Prime; global_colors_info=\u00a0\u00bb{}\u00a0\u00bb]<\/p>\n<p><span style=\"text-decoration: underline;\">\u00a0<a href=\"https:\/\/epithelia.ca\/academie-epithelia\/#public\"><strong>Toutes les conf\u00e9rences Grand Public d&rsquo;\u00c9pith\u00e9lia \u2192<\/strong><\/a><\/span><\/p>\n<p>[\/et_pb_toggle][et_pb_button button_url=\u00a0\u00bbhttps:\/\/epithelia.ca\/contactez-nous\/\u00a0\u00bb url_new_window=\u00a0\u00bbon\u00a0\u00bb button_text=\u00a0\u00bbContactez-nous pour r\u00e9server une conf\u00e9rence\u00a0\u00bb button_alignment=\u00a0\u00bbleft\u00a0\u00bb _builder_version=\u00a0\u00bb4.27.2&Prime; _module_preset=\u00a0\u00bb_initial\u00a0\u00bb custom_margin=\u00a0\u00bb25px|||||\u00a0\u00bb global_colors_info=\u00a0\u00bb{}\u00a0\u00bb][\/et_pb_button][\/et_pb_column][\/et_pb_row][et_pb_row column_structure=\u00a0\u00bb1_3,2_3&Prime; _builder_version=\u00a0\u00bb4.27.2&Prime; _module_preset=\u00a0\u00bbdefault\u00a0\u00bb custom_margin=\u00a0\u00bb3%||||false|false\u00a0\u00bb custom_padding=\u00a0\u00bb3%|3%|3%|3%|true|true\u00a0\u00bb border_radii=\u00a0\u00bbon|30px|30px|30px|30px\u00a0\u00bb border_width_all=\u00a0\u00bb3px\u00a0\u00bb border_color_all=\u00a0\u00bb#8247E3&Prime; global_colors_info=\u00a0\u00bb{}\u00a0\u00bb][et_pb_column type=\u00a0\u00bb1_3&Prime; _builder_version=\u00a0\u00bb4.27.2&Prime; _module_preset=\u00a0\u00bbdefault\u00a0\u00bb global_colors_info=\u00a0\u00bb{}\u00a0\u00bb][et_pb_image src=\u00a0\u00bbhttps:\/\/epithelia.ca\/wp-content\/uploads\/2024\/04\/Andreanne-Martin.jpg\u00a0\u00bb title_text=\u00a0\u00bbAndreanne-Martin\u00a0\u00bb _builder_version=\u00a0\u00bb4.27.2&Prime; _module_preset=\u00a0\u00bbdefault\u00a0\u00bb border_radii=\u00a0\u00bbon|30px|30px|30px|30px\u00a0\u00bb global_colors_info=\u00a0\u00bb{}\u00a0\u00bb][\/et_pb_image][\/et_pb_column][et_pb_column type=\u00a0\u00bb2_3&Prime; _builder_version=\u00a0\u00bb4.27.2&Prime; _module_preset=\u00a0\u00bbdefault\u00a0\u00bb global_colors_info=\u00a0\u00bb{}\u00a0\u00bb][et_pb_text _builder_version=\u00a0\u00bb4.27.2&Prime; _module_preset=\u00a0\u00bbdefault\u00a0\u00bb global_colors_info=\u00a0\u00bb{}\u00a0\u00bb]<\/p>\n<h2>Andr\u00e9anne Martin<\/h2>\n<p><em><strong>Auteure, conf\u00e9renci\u00e8re, fondatrice de la Clinique \u00c9pith\u00e9lia<\/strong><\/em><\/p>\n<p>Andr\u00e9anne Martin est une entrepreneure visionnaire, bacheli\u00e8re en nutrition, qui carbure aux projets valorisant les saines habitudes de vie pour aider le plus de gens possible \u00e0 se sentir mieux. Elle met son expertise en sant\u00e9 digestive au service des m\u00e9decins, professionnels de la sant\u00e9 et du grand public \u00e0 travers des formations et des conf\u00e9rences sur la science de la nutrition et le microbiote.<\/p>\n<p>Elle est la femme d\u2019affaires derri\u00e8re la clinique et \u00c9pith\u00e9lia Pro. Premi\u00e8re de sa profession au Qu\u00e9bec \u00e0 int\u00e9grer l\u2019intelligence artificielle et l\u2019analyse du microbiote intestinal comme valeur ajout\u00e9e \u00e0 son approche, son leadership, son dynamisme et ses diverses exp\u00e9riences lui ont permis de d\u00e9velopper une vision strat\u00e9gique et interdisciplinaire pour propulser plusieurs grands projets.<\/p>\n<p>Membre du CA de EO Qu\u00e9bec, r\u00e9cipiendaire du prix de Personnalit\u00e9 innovante de l\u2019ann\u00e9e en 2017 remis par l\u2019Association des cliniques m\u00e9dicales du Qu\u00e9bec et Telus Sant\u00e9, nomm\u00e9e Jeune personnalit\u00e9 d\u2019affaires 2020 dans la cat\u00e9gorie Sport, sant\u00e9 et nutrition, elle est reconnue pour sa personnalit\u00e9 engag\u00e9e, son r\u00f4le et sa contribution \u00e0 am\u00e9liorer l\u2019acc\u00e8s et la qualit\u00e9 des services en soins de sant\u00e9. Chroniqueuse web &amp; t\u00e9l\u00e9, conf\u00e9renci\u00e8re internationale, co-animatrice du matin sur les ondes de Rouge FM, elle est \u00e9galement co-auteure de quatre best-sellers et auteure d\u2019un cinqui\u00e8me ouvrage traitant de sa principale expertise : le microbiote.<\/p>\n<p>[\/et_pb_text][et_pb_toggle title=\u00a0\u00bbConf\u00e9rences qu\u2019elle peut donner :\u00a0\u00bb open_toggle_text_color=\u00a0\u00bb#000000&Prime; open_toggle_background_color=\u00a0\u00bb#BDE2D3&Prime; closed_toggle_background_color=\u00a0\u00bb#BDE2D3&Prime; icon_color=\u00a0\u00bb#AA6E4F\u00a0\u00bb toggle_icon=\u00a0\u00bb&#xf067;||fa||900&Prime; use_icon_font_size=\u00a0\u00bbon\u00a0\u00bb icon_font_size=\u00a0\u00bb20px\u00a0\u00bb open_icon_color=\u00a0\u00bb#AA6E4F\u00a0\u00bb open_toggle_icon=\u00a0\u00bb&#xf068;||fa||900&Prime; open_use_icon_font_size=\u00a0\u00bbon\u00a0\u00bb open_icon_font_size=\u00a0\u00bb20px\u00a0\u00bb _builder_version=\u00a0\u00bb4.27.2&Prime; _module_preset=\u00a0\u00bbdefault\u00a0\u00bb title_text_color=\u00a0\u00bb#000000&Prime; title_font=\u00a0\u00bb|700|||||||\u00a0\u00bb border_radii=\u00a0\u00bbon|50px|50px|50px|50px\u00a0\u00bb border_width_all=\u00a0\u00bb2px\u00a0\u00bb border_color_all=\u00a0\u00bb#8247E3&Prime; global_colors_info=\u00a0\u00bb{}\u00a0\u00bb]<\/p>\n<p style=\"font-weight: 400;\"><strong><span style=\"text-decoration: underline;\"><a href=\"https:\/\/epithelia.ca\/academie-epithelia\/#cerveau\">Ces aliments qui nourrissent le cerveau \u2192<\/a><\/span><\/strong><\/p>\n<p style=\"font-weight: 400;\"><strong><span style=\"text-decoration: underline;\"><a href=\"https:\/\/epithelia.ca\/academie-epithelia\/#energie\">En panne d\u2019\u00e9nergie? Et si la solution \u00e9tait simple! \u2192<\/a><\/span><\/strong><\/p>\n<p style=\"font-weight: 400;\"><strong><span style=\"text-decoration: underline;\"><a href=\"https:\/\/epithelia.ca\/academie-epithelia\/#mange\">Nous sommes faits de ce que l\u2019on mange (pour \u00e9tudiants.es de niveau secondaire) \u2192<\/a><\/span><\/strong><\/p>\n<p style=\"font-weight: 400;\"><strong><span style=\"text-decoration: underline;\"><a href=\"https:\/\/epithelia.ca\/academie-epithelia\/#retraite\">Votre corps n\u2019est pas \u00e0 la retraite (pour les personnes retrait\u00e9es) \u2192<\/a><\/span><\/strong><\/p>\n<p>[\/et_pb_toggle][et_pb_button button_url=\u00a0\u00bbhttps:\/\/epithelia.ca\/contactez-nous\/\u00a0\u00bb url_new_window=\u00a0\u00bbon\u00a0\u00bb button_text=\u00a0\u00bbContactez-nous pour r\u00e9server une conf\u00e9rence\u00a0\u00bb button_alignment=\u00a0\u00bbleft\u00a0\u00bb _builder_version=\u00a0\u00bb4.27.2&Prime; _module_preset=\u00a0\u00bb_initial\u00a0\u00bb custom_margin=\u00a0\u00bb25px|||||\u00a0\u00bb global_colors_info=\u00a0\u00bb{}\u00a0\u00bb][\/et_pb_button][\/et_pb_column][\/et_pb_row][\/et_pb_section]<\/p>\n","protected":false},"excerpt":{"rendered":"<p>Nos conf\u00e9renci\u00e8resChez \u00c9pith\u00e9lia, nos nutritionnistes-di\u00e9t\u00e9tistes vous invitent \u00e0 d\u00e9couvrir l&rsquo;univers de la sant\u00e9 digestive \u00e0 travers des conf\u00e9rences enrichissantes et percutantes. Que ce soit pour d\u00e9mystifier des concepts complexes en nutrition, discuter de bien-\u00eatre global ou partager des conseils pratiques pour transformer votre quotidien, nos conf\u00e9renci\u00e8res rendent chaque sujet \u00e0 la fois passionnant et accessible. [&hellip;]<\/p>\n","protected":false},"author":1,"featured_media":0,"parent":0,"menu_order":0,"comment_status":"closed","ping_status":"closed","template":"","meta":{"_et_pb_use_builder":"on","_et_pb_old_content":"<!-- wp:divi\/placeholder \/-->","_et_gb_content_width":"","wprm-recipe-roundup-name":"","wprm-recipe-roundup-description":"","footnotes":""},"class_list":["post-4409776","page","type-page","status-publish","hentry"],"aioseo_notices":[],"_links":{"self":[{"href":"https:\/\/epithelia.ca\/en\/wp-json\/wp\/v2\/pages\/4409776","targetHints":{"allow":["GET"]}}],"collection":[{"href":"https:\/\/epithelia.ca\/en\/wp-json\/wp\/v2\/pages"}],"about":[{"href":"https:\/\/epithelia.ca\/en\/wp-json\/wp\/v2\/types\/page"}],"author":[{"embeddable":true,"href":"https:\/\/epithelia.ca\/en\/wp-json\/wp\/v2\/users\/1"}],"replies":[{"embeddable":true,"href":"https:\/\/epithelia.ca\/en\/wp-json\/wp\/v2\/comments?post=4409776"}],"version-history":[{"count":16,"href":"https:\/\/epithelia.ca\/en\/wp-json\/wp\/v2\/pages\/4409776\/revisions"}],"predecessor-version":[{"id":4412992,"href":"https:\/\/epithelia.ca\/en\/wp-json\/wp\/v2\/pages\/4409776\/revisions\/4412992"}],"wp:attachment":[{"href":"https:\/\/epithelia.ca\/en\/wp-json\/wp\/v2\/media?parent=4409776"}],"curies":[{"name":"wp","href":"https:\/\/api.w.org\/{rel}","templated":true}]}}