{"id":4411243,"date":"2025-03-19T12:28:50","date_gmt":"2025-03-19T16:28:50","guid":{"rendered":"https:\/\/epithelia.ca\/?page_id=4411243"},"modified":"2026-04-29T11:37:50","modified_gmt":"2026-04-29T15:37:50","slug":"say-goodbye-to-dieting-but-not-to-pleasure","status":"publish","type":"page","link":"https:\/\/epithelia.ca\/en\/dites-adieu-aux-regimes-mais-pas-au-plaisir\/","title":{"rendered":"Balance Program: The Pillars of Weight Management"},"content":{"rendered":"<p>[et_pb_section fb_built=\u00a0\u00bb1&Prime; _builder_version=\u00a0\u00bb4.27.4&Prime; _module_preset=\u00a0\u00bbdefault\u00a0\u00bb global_colors_info=\u00a0\u00bb{}\u00a0\u00bb][et_pb_row column_structure=\u00a0\u00bb1_4,1_4,1_4,1_4&Prime; _builder_version=\u00a0\u00bb4.27.4&Prime; _module_preset=\u00a0\u00bbdefault\u00a0\u00bb global_colors_info=\u00a0\u00bb{}\u00a0\u00bb][et_pb_column type=\u00a0\u00bb1_4&Prime; _builder_version=\u00a0\u00bb4.27.4&Prime; _module_preset=\u00a0\u00bbdefault\u00a0\u00bb global_colors_info=\u00a0\u00bb{}\u00a0\u00bb][et_pb_text _builder_version=\u00a0\u00bb4.27.4&Prime; _module_preset=\u00a0\u00bbdefault\u00a0\u00bb background_color=\u00a0\u00bb#FFFFFF\u00a0\u00bb custom_margin=\u00a0\u00bb2%|2%|2%|2%|false|false\u00a0\u00bb custom_padding=\u00a0\u00bb13%|2%|7%|2%|false|false\u00a0\u00bb hover_enabled=\u00a0\u00bb0&Prime; border_radii=\u00a0\u00bbon|50px|50px|50px|50px\u00a0\u00bb global_colors_info=\u00a0\u00bb{}\u00a0\u00bb sticky_enabled=\u00a0\u00bb0&Prime;]<\/p>\n<h3 style=\"text-align: center;\"><strong>Vous avez l\u2019impression de ne plus savoir quoi manger entre toutes les infos contradictoires?<\/strong><\/h3>\n<p>[\/et_pb_text][\/et_pb_column][et_pb_column type=\u00a0\u00bb1_4&Prime; _builder_version=\u00a0\u00bb4.27.4&Prime; _module_preset=\u00a0\u00bbdefault\u00a0\u00bb global_colors_info=\u00a0\u00bb{}\u00a0\u00bb][et_pb_text _builder_version=\u00a0\u00bb4.27.5&Prime; _module_preset=\u00a0\u00bbdefault\u00a0\u00bb background_color=\u00a0\u00bb#FFFFFF\u00a0\u00bb custom_margin=\u00a0\u00bb2%|2%|2%|2%|false|false\u00a0\u00bb custom_padding=\u00a0\u00bb15%|2%|19%|2%|false|false\u00a0\u00bb hover_enabled=\u00a0\u00bb0&Prime; border_radii=\u00a0\u00bbon|60px|60px|60px|60px\u00a0\u00bb global_colors_info=\u00a0\u00bb{}\u00a0\u00bb sticky_enabled=\u00a0\u00bb0&Prime;]<\/p>\n<h3 style=\"text-align: center;\"><strong><\/strong><\/h3>\n<h3 style=\"text-align: center;\"><strong>Vous en avez assez des r\u00e9gimes qui finissent toujours par \u00e9chouer ?<\/strong><\/h3>\n<p>[\/et_pb_text][\/et_pb_column][et_pb_column type=\u00a0\u00bb1_4&Prime; _builder_version=\u00a0\u00bb4.27.4&Prime; _module_preset=\u00a0\u00bbdefault\u00a0\u00bb global_colors_info=\u00a0\u00bb{}\u00a0\u00bb][et_pb_text _builder_version=\u00a0\u00bb4.27.5&Prime; _module_preset=\u00a0\u00bbdefault\u00a0\u00bb background_color=\u00a0\u00bb#FFFFFF\u00a0\u00bb custom_margin=\u00a0\u00bb2%|2%|2%|2%|false|false\u00a0\u00bb custom_padding=\u00a0\u00bb11%|3%|16%|3%|false|false\u00a0\u00bb hover_enabled=\u00a0\u00bb0&Prime; border_radii=\u00a0\u00bbon|60px|60px|60px|60px\u00a0\u00bb global_colors_info=\u00a0\u00bb{}\u00a0\u00bb sticky_enabled=\u00a0\u00bb0&Prime;]<\/p>\n<h3 style=\"text-align: center;\"><strong><br \/>Vous voulez apprendre \u00e0 manger de tout sans culpabilit\u00e9 ?<\/strong><\/h3>\n<p>[\/et_pb_text][\/et_pb_column][et_pb_column type=\u00a0\u00bb1_4&Prime; _builder_version=\u00a0\u00bb4.27.4&Prime; _module_preset=\u00a0\u00bbdefault\u00a0\u00bb global_colors_info=\u00a0\u00bb{}\u00a0\u00bb][et_pb_text _builder_version=\u00a0\u00bb4.27.5&Prime; _module_preset=\u00a0\u00bbdefault\u00a0\u00bb background_color=\u00a0\u00bb#FFFFFF\u00a0\u00bb custom_margin=\u00a0\u00bb2%|2%|2%|2%|false|false\u00a0\u00bb custom_padding=\u00a0\u00bb11%|2%|7%|2%|false|false\u00a0\u00bb hover_enabled=\u00a0\u00bb0&Prime; border_radii=\u00a0\u00bbon|50px|50px|50px|50px\u00a0\u00bb global_colors_info=\u00a0\u00bb{}\u00a0\u00bb sticky_enabled=\u00a0\u00bb0&Prime;]<\/p>\n<h3 style=\"text-align: center;\"><strong>Vous cherchez une approche \u00e9quilibr\u00e9e et diff\u00e9rente qui vous apprend \u00e0 \u00e9couter vos vrais besoins ?<\/strong><\/h3>\n<p>[\/et_pb_text][\/et_pb_column][\/et_pb_row][et_pb_row _builder_version=\u00a0\u00bb4.27.4&Prime; _module_preset=\u00a0\u00bbdefault\u00a0\u00bb global_colors_info=\u00a0\u00bb{}\u00a0\u00bb][et_pb_column type=\u00a0\u00bb4_4&Prime; _builder_version=\u00a0\u00bb4.27.4&Prime; _module_preset=\u00a0\u00bbdefault\u00a0\u00bb global_colors_info=\u00a0\u00bb{}\u00a0\u00bb][et_pb_text _builder_version=\u00a0\u00bb4.27.4&Prime; _module_preset=\u00a0\u00bbdefault\u00a0\u00bb global_colors_info=\u00a0\u00bb{}\u00a0\u00bb]<\/p>\n<h2 style=\"text-align: center;\"><strong data-start=\"707\" data-end=\"754\">Bonne nouvelle : vous \u00eates au bon endroit !<\/strong><\/h2>\n<p>[\/et_pb_text][\/et_pb_column][\/et_pb_row][et_pb_row _builder_version=\u00a0\u00bb4.27.4&Prime; _module_preset=\u00a0\u00bbdefault\u00a0\u00bb global_colors_info=\u00a0\u00bb{}\u00a0\u00bb][et_pb_column type=\u00a0\u00bb4_4&Prime; _builder_version=\u00a0\u00bb4.27.4&Prime; _module_preset=\u00a0\u00bbdefault\u00a0\u00bb global_colors_info=\u00a0\u00bb{}\u00a0\u00bb][et_pb_image src=\u00a0\u00bbhttps:\/\/epithelia.ca\/wp-content\/uploads\/2026\/04\/articles-23.png\u00a0\u00bb title_text=\u00a0\u00bbarticles (23)\u00a0\u00bb url=\u00a0\u00bbhttps:\/\/epithelia.ca\/produit\/formation-dites-adieu-aux-regimes-mais-pas-au-plaisir\/\u00a0\u00bb _builder_version=\u00a0\u00bb4.27.5&Prime; _module_preset=\u00a0\u00bbdefault\u00a0\u00bb hover_enabled=\u00a0\u00bb0&Prime; border_radii=\u00a0\u00bbon|30px|30px|30px|30px\u00a0\u00bb global_colors_info=\u00a0\u00bb{}\u00a0\u00bb sticky_enabled=\u00a0\u00bb0&Prime;][\/et_pb_image][et_pb_text _builder_version=\u00a0\u00bb4.27.4&Prime; _module_preset=\u00a0\u00bbdefault\u00a0\u00bb text_text_color=\u00a0\u00bb#BDE2D3&Prime; header_text_color=\u00a0\u00bb#BDE2D3&Prime; global_colors_info=\u00a0\u00bb{}\u00a0\u00bb]<\/p>\n<h3 style=\"text-align: center;\">Une formation de 6 modules pour retrouver une alimentation intuitive et durable&#8230;<strong>tout en prenant soin de votre 2e cerveau<\/strong><\/h3>\n<p>[\/et_pb_text][et_pb_text _builder_version=\u00a0\u00bb4.27.5&Prime; _module_preset=\u00a0\u00bbdefault\u00a0\u00bb background_color=\u00a0\u00bb#BDE2D3&Prime; custom_margin=\u00a0\u00bb2%|2%|2%|2%|false|false\u00a0\u00bb custom_padding=\u00a0\u00bb2%|2%|2%|2%|false|false\u00a0\u00bb border_radii=\u00a0\u00bbon|30px|30px|30px|30px\u00a0\u00bb border_width_all=\u00a0\u00bb7px\u00a0\u00bb border_color_all=\u00a0\u00bb#FFFFFF\u00a0\u00bb border_style_all=\u00a0\u00bbdotted\u00a0\u00bb global_colors_info=\u00a0\u00bb{}\u00a0\u00bb]<\/p>\n<h5 style=\"text-align: left;\">Une approche ax\u00e9e sur le plaisir de manger et prendre soin de son microbiote !<\/h5>\n<p style=\"text-align: justify;\">Ce programme <strong>en ligne, 100 % autodidacte<\/strong>, a \u00e9t\u00e9 con\u00e7u par nos <strong>di\u00e9t\u00e9tistes-nutritionnistes dipl\u00f4m\u00e9es<\/strong> pour vous guider vers une alimentation plus intuitive et sereine.<\/p>\n<h3 style=\"text-align: center;\">Vous <strong>progressez \u00e0 votre rythme<\/strong>, o\u00f9 vous voulez et quand vous voulez, <strong>sans horaire impos\u00e9.<\/strong><\/h3>\n<p style=\"text-align: justify;\"><strong>Fini les r\u00e9gimes frustrants<\/strong> : place \u00e0 une <strong>approche bienveillante, durable et accessible<\/strong> qui vous aide \u00e0 renouer avec votre corps et \u00e0 adopter des habitudes qui font r\u00e9ellement du bien\u2026 \u00e0 votre corps, \u00e0 votre t\u00eate et \u00e0 vos pr\u00e9cieuses bact\u00e9ries intestinales.<\/p>\n<p>[\/et_pb_text][et_pb_button button_url=\u00a0\u00bbhttps:\/\/epithelia.ca\/produit\/formation-dites-adieu-aux-regimes-mais-pas-au-plaisir\/\u00a0\u00bb button_text=\u00a0\u00bbCETTE FORMATION EST POUR MOI !\u00a0\u00bb button_alignment=\u00a0\u00bbcenter\u00a0\u00bb _builder_version=\u00a0\u00bb4.27.4&Prime; _module_preset=\u00a0\u00bbdefault\u00a0\u00bb custom_button=\u00a0\u00bbon\u00a0\u00bb button_bg_color=\u00a0\u00bb#FFFFFF\u00a0\u00bb global_colors_info=\u00a0\u00bb{}\u00a0\u00bb][\/et_pb_button][et_pb_divider _builder_version=\u00a0\u00bb4.27.4&Prime; _module_preset=\u00a0\u00bbdefault\u00a0\u00bb custom_margin=\u00a0\u00bb||-20px||false|false\u00a0\u00bb global_colors_info=\u00a0\u00bb{}\u00a0\u00bb][\/et_pb_divider][\/et_pb_column][\/et_pb_row][et_pb_row _builder_version=\u00a0\u00bb4.27.4&Prime; _module_preset=\u00a0\u00bbdefault\u00a0\u00bb global_colors_info=\u00a0\u00bb{}\u00a0\u00bb][et_pb_column type=\u00a0\u00bb4_4&Prime; _builder_version=\u00a0\u00bb4.27.4&Prime; _module_preset=\u00a0\u00bbdefault\u00a0\u00bb global_colors_info=\u00a0\u00bb{}\u00a0\u00bb][et_pb_text _builder_version=\u00a0\u00bb4.27.4&Prime; _module_preset=\u00a0\u00bbdefault\u00a0\u00bb global_colors_info=\u00a0\u00bb{}\u00a0\u00bb]<\/p>\n<h3><strong>Petite mise en bouche pour le contenu<\/strong><\/h3>\n<p>[\/et_pb_text][et_pb_toggle title=\u00a0\u00bbModule 1 : Poser des bases solides et se fixer des objectifs motivants\u00a0\u00bb open_toggle_text_color=\u00a0\u00bb#000000&Prime; open_toggle_background_color=\u00a0\u00bb#BDE2D3&Prime; closed_toggle_text_color=\u00a0\u00bb#000000&Prime; closed_toggle_background_color=\u00a0\u00bb#BDE2D3&Prime; icon_color=\u00a0\u00bb#000000&Prime; use_icon_font_size=\u00a0\u00bbon\u00a0\u00bb icon_font_size=\u00a0\u00bb21px\u00a0\u00bb open_icon_color=\u00a0\u00bb#000000&Prime; _builder_version=\u00a0\u00bb4.27.5&Prime; _module_preset=\u00a0\u00bbdefault\u00a0\u00bb title_text_color=\u00a0\u00bb#000000&Prime; title_text_align=\u00a0\u00bbleft\u00a0\u00bb body_text_color=\u00a0\u00bb#000000&Prime; custom_margin=\u00a0\u00bb||10px||false|false\u00a0\u00bb hover_enabled=\u00a0\u00bb0&Prime; border_radii=\u00a0\u00bbon|30px|30px|30px|30px\u00a0\u00bb global_colors_info=\u00a0\u00bb{}\u00a0\u00bb sticky_enabled=\u00a0\u00bb0&Prime;]<\/p>\n<p><strong>Objectif<\/strong> : Comprendre ses habitudes alimentaires et fixer des objectifs r\u00e9alistes pour un changement durable.<\/p>\n<p><strong>Ce que vous apprendrez<\/strong> :<br \/>&#x2714; Pourquoi les r\u00e9gimes ne fonctionnent pas et comment sortir du cercle vicieux des restrictions.<br \/>&#x2714; L&rsquo;importance d&rsquo;une approche progressive et bienveillante.<br \/>&#x2714; Comment observer son alimentation sans jugement gr\u00e2ce \u00e0 un journal alimentaire bio-psycho-social.<br \/>&#x2714; Comment fixer des objectifs SMART pour rester motiv\u00e9(e).<\/p>\n<p><strong>Outils du module<\/strong> :<br \/>&#x1f4cc; Journal alimentaire bio-psycho-social \u2013 Un outil pour observer vos habitudes et identifier les premiers ajustements.<br \/>&#x1f4cc; Objectifs SMART \u2013 Une m\u00e9thode pour d\u00e9finir des objectifs atteignables et motivants.<\/p>\n<p>&#x1f3af; <strong>D\u00e9fi du week-end<\/strong> : Observer sans juger \u2013 Prenez conscience de votre alimentation et de votre comportement face \u00e0 la nourriture sans essayer de tout changer d\u2019un coup.<\/p>\n<p>[\/et_pb_toggle][et_pb_toggle title=\u00a0\u00bbModule 2 : Mieux comprendre les glucides et int\u00e9grer plus de fibres\u00a0\u00bb open_toggle_text_color=\u00a0\u00bb#000000&Prime; open_toggle_background_color=\u00a0\u00bb#BDE2D3&Prime; closed_toggle_text_color=\u00a0\u00bb#000000&Prime; closed_toggle_background_color=\u00a0\u00bb#BDE2D3&Prime; icon_color=\u00a0\u00bb#000000&Prime; use_icon_font_size=\u00a0\u00bbon\u00a0\u00bb icon_font_size=\u00a0\u00bb21px\u00a0\u00bb open_icon_color=\u00a0\u00bb#000000&Prime; _builder_version=\u00a0\u00bb4.27.5&Prime; _module_preset=\u00a0\u00bbdefault\u00a0\u00bb title_text_color=\u00a0\u00bb#000000&Prime; title_text_align=\u00a0\u00bbleft\u00a0\u00bb body_text_color=\u00a0\u00bb#000000&Prime; custom_margin=\u00a0\u00bb||10px||false|false\u00a0\u00bb hover_enabled=\u00a0\u00bb0&Prime; border_radii=\u00a0\u00bbon|30px|30px|30px|30px\u00a0\u00bb global_colors_info=\u00a0\u00bb{}\u00a0\u00bb sticky_enabled=\u00a0\u00bb0&Prime;]<\/p>\n<p><strong>Objectif<\/strong> : Faire des choix alimentaires \u00e9clair\u00e9s sans privation, en int\u00e9grant plus de fibres pour favoriser la sati\u00e9t\u00e9 et un microbiote sain.<\/p>\n<p><strong>Ce que vous apprendrez<\/strong> :<br \/>&#x2714; D\u00e9mystifier les glucides : pourquoi ils sont essentiels et comment les choisir intelligemment.<br \/>&#x2714; L\u2019impact des fibres sur la sati\u00e9t\u00e9 et la gestion du poids.<br \/>&#x2714; Comment structurer vos repas pour un meilleur \u00e9quilibre nutritionnel.<br \/>&#x2714; L\u2019impact des fibres sur le microbiote intestinal<\/p>\n<p><strong>Outils du module<\/strong> :<br \/>&#x1f4cc;Menu riche en fibres et grains entiers \u2013 Id\u00e9es de repas pour optimiser votre apport en fibres.<br \/>&#x1f4cc;Calculateur de fibres \u2013 Un outil pour \u00e9valuer votre consommation et ajuster vos repas.<\/p>\n<p>&#x1f3af; <strong>D\u00e9fi du week-end<\/strong> : Explorer un nouveau grain entier (quinoa, millet, sarrasin, orge\u2026) et l\u2019int\u00e9grer dans un repas !<\/p>\n<p>[\/et_pb_toggle][et_pb_toggle title=\u00a0\u00bbModule 3 : Construire une assiette rassasiante avec les bonnes prot\u00e9ines\u00a0\u00bb open_toggle_text_color=\u00a0\u00bb#000000&Prime; open_toggle_background_color=\u00a0\u00bb#BDE2D3&Prime; closed_toggle_text_color=\u00a0\u00bb#000000&Prime; closed_toggle_background_color=\u00a0\u00bb#BDE2D3&Prime; icon_color=\u00a0\u00bb#000000&Prime; use_icon_font_size=\u00a0\u00bbon\u00a0\u00bb icon_font_size=\u00a0\u00bb21px\u00a0\u00bb open_icon_color=\u00a0\u00bb#000000&Prime; _builder_version=\u00a0\u00bb4.27.5&Prime; _module_preset=\u00a0\u00bbdefault\u00a0\u00bb title_text_color=\u00a0\u00bb#000000&Prime; title_text_align=\u00a0\u00bbleft\u00a0\u00bb body_text_color=\u00a0\u00bb#000000&Prime; custom_margin=\u00a0\u00bb||10px||false|false\u00a0\u00bb hover_enabled=\u00a0\u00bb0&Prime; border_radii=\u00a0\u00bbon|30px|30px|30px|30px\u00a0\u00bb global_colors_info=\u00a0\u00bb{}\u00a0\u00bb sticky_enabled=\u00a0\u00bb0&Prime;]<\/p>\n<p><strong>Objectif<\/strong> : Int\u00e9grer suffisamment de prot\u00e9ines dans vos repas pour \u00e9viter les fringales et favoriser la sati\u00e9t\u00e9.<\/p>\n<p><strong>Ce que vous apprendrez<\/strong> :<br \/>&#x2714; Le r\u00f4le des prot\u00e9ines dans la gestion de la faim et de l\u2019\u00e9nergie.<br \/>&#x2714; Pourquoi le d\u00e9jeuner est souvent d\u00e9ficient en prot\u00e9ines et comment l\u2019am\u00e9liorer.<br \/>&#x2714; Comment \u00e9quilibrer vos repas pour \u00e9viter les baisses d\u2019\u00e9nergie et les compulsions alimentaires.<\/p>\n<p><strong>Outils du module<\/strong> :<br \/>&#x1f4cc; D\u00e9jeuners \u00e9quilibr\u00e9s \u2013 Recettes et id\u00e9es pour des matins plus rassasiants.<br \/>&#x1f4cc; Structure alimentaire \u2013 Guide pratique pour construire des repas complets et \u00e9quilibr\u00e9s.<\/p>\n<p>&#x1f3af; <strong>D\u00e9fi du week-end<\/strong> : Pr\u00e9parer un repas sans viande en int\u00e9grant des prot\u00e9ines v\u00e9g\u00e9tales comme le tofu, les l\u00e9gumineuses ou les noix !<\/p>\n<p>[\/et_pb_toggle][et_pb_toggle title=\u00a0\u00bbModule 4 : Apprendre \u00e0 \u00e9couter sa faim et sa sati\u00e9t\u00e9\u00a0\u00bb open_toggle_text_color=\u00a0\u00bb#000000&Prime; open_toggle_background_color=\u00a0\u00bb#BDE2D3&Prime; closed_toggle_text_color=\u00a0\u00bb#000000&Prime; closed_toggle_background_color=\u00a0\u00bb#BDE2D3&Prime; icon_color=\u00a0\u00bb#000000&Prime; use_icon_font_size=\u00a0\u00bbon\u00a0\u00bb icon_font_size=\u00a0\u00bb21px\u00a0\u00bb open_icon_color=\u00a0\u00bb#000000&Prime; _builder_version=\u00a0\u00bb4.27.5&Prime; _module_preset=\u00a0\u00bbdefault\u00a0\u00bb title_text_color=\u00a0\u00bb#000000&Prime; title_text_align=\u00a0\u00bbleft\u00a0\u00bb body_text_color=\u00a0\u00bb#000000&Prime; custom_margin=\u00a0\u00bb||10px||false|false\u00a0\u00bb hover_enabled=\u00a0\u00bb0&Prime; border_radii=\u00a0\u00bbon|30px|30px|30px|30px\u00a0\u00bb global_colors_info=\u00a0\u00bb{}\u00a0\u00bb sticky_enabled=\u00a0\u00bb0&Prime;]<\/p>\n<p><strong>Objectif<\/strong> : Se reconnecter avec son corps et \u00e9viter de manger par habitude ou par automatisme.<\/p>\n<p><strong>Ce que vous apprendrez<\/strong> :<br \/>&#x2714; Comment diff\u00e9rencier la faim physique de la faim \u00e9motionnelle.<br \/>&#x2714; Les signaux de sati\u00e9t\u00e9 et comment \u00e9viter de manger au-del\u00e0 de ses besoins.<br \/>&#x2714; Pourquoi l\u2019\u00e9coute de la faim est essentielle pour un bien-\u00eatre durable.<br \/>&#x2714; Comment le microbiote peut influencer la faim et le rassasiement<\/p>\n<p><strong>Outils du module<\/strong> :<br \/>&#x1f4cc; Exercice : Ressentir sa faim \u2013 Un guide pour apprendre \u00e0 reconna\u00eetre ses signaux de faim et de rassasiement.<\/p>\n<p>&#x1f3af; <strong>D\u00e9fi du week-end<\/strong> : L\u2019exp\u00e9rience du \u00bd repas \u2013 Manger la moiti\u00e9 de son assiette, attendre 10 minutes, puis observer ses sensations avant de d\u00e9cider de continuer ou non.<\/p>\n<p>[\/et_pb_toggle][et_pb_toggle title=\u00a0\u00bbModule 5 : Le bien-\u00eatre global \u2013 Sommeil, stress et activit\u00e9 physique\u00a0\u00bb open_toggle_text_color=\u00a0\u00bb#000000&Prime; open_toggle_background_color=\u00a0\u00bb#BDE2D3&Prime; closed_toggle_text_color=\u00a0\u00bb#000000&Prime; closed_toggle_background_color=\u00a0\u00bb#BDE2D3&Prime; icon_color=\u00a0\u00bb#000000&Prime; use_icon_font_size=\u00a0\u00bbon\u00a0\u00bb icon_font_size=\u00a0\u00bb21px\u00a0\u00bb open_icon_color=\u00a0\u00bb#000000&Prime; _builder_version=\u00a0\u00bb4.27.5&Prime; _module_preset=\u00a0\u00bbdefault\u00a0\u00bb title_text_color=\u00a0\u00bb#000000&Prime; title_text_align=\u00a0\u00bbleft\u00a0\u00bb body_text_color=\u00a0\u00bb#000000&Prime; custom_margin=\u00a0\u00bb||10px||false|false\u00a0\u00bb hover_enabled=\u00a0\u00bb0&Prime; border_radii=\u00a0\u00bbon|30px|30px|30px|30px\u00a0\u00bb global_colors_info=\u00a0\u00bb{}\u00a0\u00bb sticky_enabled=\u00a0\u00bb0&Prime;]<\/p>\n<p><strong>Objectif<\/strong> : Int\u00e9grer des habitudes durables au-del\u00e0 de l\u2019alimentation pour optimiser son \u00e9nergie et son bien-\u00eatre g\u00e9n\u00e9ral.<\/p>\n<p><strong>Ce que vous apprendrez<\/strong> :<br \/>&#x2714; L\u2019impact du sommeil sur la faim et les envies alimentaires.<br \/>&#x2714; Comment le stress influence l\u2019alimentation et comment y faire face sans compenser avec la nourriture.<br \/>&#x2714; L\u2019importance de bouger avec plaisir, sans contrainte.<br \/>&#x2714; L\u2019impact des habitudes de vie sur le microbiote<\/p>\n<p><strong>Outils du module<\/strong> :<br \/>&#x1f4cc; Optimiser son \u00e9nergie \u2013 Guide pour am\u00e9liorer son sommeil, g\u00e9rer son stress et int\u00e9grer plus d\u2019activit\u00e9 physique.<\/p>\n<p>&#x1f3af; <strong>D\u00e9fi du week-end<\/strong> : \u00ab\u00a0Mon heure sans \u00e9cran\u00a0\u00bb \u2013 Remplacez 1h de temps d\u2019\u00e9cran par une activit\u00e9 relaxante (lecture, balade, yoga\u2026).<\/p>\n<p>[\/et_pb_toggle][et_pb_toggle title=\u00a0\u00bbModule 6 : Consolider ses acquis pour un succ\u00e8s \u00e0 long terme\u00a0\u00bb open_toggle_text_color=\u00a0\u00bb#000000&Prime; open_toggle_background_color=\u00a0\u00bb#BDE2D3&Prime; closed_toggle_text_color=\u00a0\u00bb#000000&Prime; closed_toggle_background_color=\u00a0\u00bb#BDE2D3&Prime; icon_color=\u00a0\u00bb#000000&Prime; use_icon_font_size=\u00a0\u00bbon\u00a0\u00bb icon_font_size=\u00a0\u00bb21px\u00a0\u00bb open_icon_color=\u00a0\u00bb#FFFFFF\u00a0\u00bb _builder_version=\u00a0\u00bb4.27.5&Prime; _module_preset=\u00a0\u00bbdefault\u00a0\u00bb title_text_color=\u00a0\u00bb#000000&Prime; title_text_align=\u00a0\u00bbleft\u00a0\u00bb body_text_color=\u00a0\u00bb#000000&Prime; hover_enabled=\u00a0\u00bb0&Prime; border_radii=\u00a0\u00bbon|30px|30px|30px|30px\u00a0\u00bb global_colors_info=\u00a0\u00bb{}\u00a0\u00bb sticky_enabled=\u00a0\u00bb0&Prime;]<\/p>\n<p><strong>Objectif<\/strong> : \u00c9viter l\u2019effet yo-yo et maintenir ses nouvelles habitudes sur le long terme.<\/p>\n<p><strong>Ce que vous apprendrez<\/strong> :<br \/>&#x2714; Comment ancrer ces changements dans votre quotidien sans pression.<br \/>&#x2714; Pourquoi la constance est plus importante que la perfection.<br \/>&#x2714; Comment anticiper et g\u00e9rer les d\u00e9fis qui pourraient survenir.<\/p>\n<p><strong>Outils du module<\/strong> :<br \/>&#x1f4cc; D\u00e9fi maintien \u2013 Un exercice pour identifier les habitudes que vous voulez garder et celles que vous souhaitez encore am\u00e9liorer.<\/p>\n<p>&#x1f3af; <strong>D\u00e9fi du week-end<\/strong> : Faire le bilan de votre parcours \u2013 Quelles habitudes avez-vous transform\u00e9es ? Quels sont vos prochains petits pas ?<\/p>\n<p>[\/et_pb_toggle][et_pb_text _builder_version=\u00a0\u00bb4.27.5&Prime; _module_preset=\u00a0\u00bbdefault\u00a0\u00bb background_color=\u00a0\u00bb#FFFFFF\u00a0\u00bb custom_margin=\u00a0\u00bb2%|2%|2%|2%|false|false\u00a0\u00bb custom_padding=\u00a0\u00bb2%|2%|2%|2%|false|false\u00a0\u00bb hover_enabled=\u00a0\u00bb0&Prime; border_radii=\u00a0\u00bbon|30px|30px|30px|30px\u00a0\u00bb border_width_all=\u00a0\u00bb8px\u00a0\u00bb border_color_all=\u00a0\u00bb#BDE2D3&Prime; border_style_all=\u00a0\u00bbdouble\u00a0\u00bb global_colors_info=\u00a0\u00bb{}\u00a0\u00bb sticky_enabled=\u00a0\u00bb0&Prime;]<\/p>\n<h2 style=\"text-align: center;\">En bonus, vous recevrez aussi\u2026<\/h2>\n<ul>\n<li>Un <strong>tarif sp\u00e9cial<\/strong> pour un suivi personnalis\u00e9 apr\u00e8s la formation<\/li>\n<li>Une vid\u00e9o additionnelle sur la <strong>m\u00e9nopause<\/strong><\/li>\n<li>Une vid\u00e9o additionnelle sur le <strong>microbiote <\/strong>et<strong> poids<\/strong><\/li>\n<li>Une vid\u00e9o additionnelle sur les<strong> r\u00e9gimes populaires<\/strong><\/li>\n<li>Une vid\u00e9o additionnelle sur l&rsquo;<strong>alimentation anti-inflammatoire<\/strong><\/li>\n<\/ul>\n<p>[\/et_pb_text][et_pb_button button_url=\u00a0\u00bbhttps:\/\/epithelia.ca\/produit\/formation-dites-adieu-aux-regimes-mais-pas-au-plaisir\/\u00a0\u00bb button_text=\u00a0\u00bbJE PARTICIPE !\u00a0\u00bb button_alignment=\u00a0\u00bbcenter\u00a0\u00bb _builder_version=\u00a0\u00bb4.27.4&Prime; _module_preset=\u00a0\u00bbdefault\u00a0\u00bb custom_button=\u00a0\u00bbon\u00a0\u00bb button_bg_color=\u00a0\u00bb#FFFFFF\u00a0\u00bb global_colors_info=\u00a0\u00bb{}\u00a0\u00bb][\/et_pb_button][\/et_pb_column][\/et_pb_row][et_pb_row _builder_version=\u00a0\u00bb4.27.4&Prime; _module_preset=\u00a0\u00bbdefault\u00a0\u00bb global_colors_info=\u00a0\u00bb{}\u00a0\u00bb][et_pb_column type=\u00a0\u00bb4_4&Prime; _builder_version=\u00a0\u00bb4.27.4&Prime; _module_preset=\u00a0\u00bbdefault\u00a0\u00bb global_colors_info=\u00a0\u00bb{}\u00a0\u00bb][et_pb_divider _builder_version=\u00a0\u00bb4.27.4&Prime; _module_preset=\u00a0\u00bbdefault\u00a0\u00bb custom_margin=\u00a0\u00bb||-1px||false|false\u00a0\u00bb global_colors_info=\u00a0\u00bb{}\u00a0\u00bb][\/et_pb_divider][et_pb_text _builder_version=\u00a0\u00bb4.27.4&Prime; _module_preset=\u00a0\u00bbdefault\u00a0\u00bb custom_margin=\u00a0\u00bb||-32px||false|false\u00a0\u00bb global_colors_info=\u00a0\u00bb{}\u00a0\u00bb]<\/p>\n<h3>Comment cela fonctionne ?<\/h3>\n<ul><\/ul>\n<p>[\/et_pb_text][\/et_pb_column][\/et_pb_row][et_pb_row column_structure=\u00a0\u00bb1_2,1_2&Prime; make_equal=\u00a0\u00bbon\u00a0\u00bb _builder_version=\u00a0\u00bb4.27.4&Prime; _module_preset=\u00a0\u00bbdefault\u00a0\u00bb global_colors_info=\u00a0\u00bb{}\u00a0\u00bb][et_pb_column type=\u00a0\u00bb1_2&Prime; _builder_version=\u00a0\u00bb4.27.4&Prime; _module_preset=\u00a0\u00bbdefault\u00a0\u00bb global_colors_info=\u00a0\u00bb{}\u00a0\u00bb][et_pb_blurb title=\u00a0\u00bbPAR SEMAINE\u00a0\u00bb use_icon=\u00a0\u00bbon\u00a0\u00bb font_icon=\u00a0\u00bb&#x3b;||divi||400&Prime; _builder_version=\u00a0\u00bb4.27.5&Prime; _module_preset=\u00a0\u00bbdefault\u00a0\u00bb background_color=\u00a0\u00bb#FFFFFF\u00a0\u00bb text_orientation=\u00a0\u00bbcenter\u00a0\u00bb custom_padding=\u00a0\u00bb|||11px|false|false\u00a0\u00bb hover_enabled=\u00a0\u00bb0&Prime; border_radii=\u00a0\u00bbon|30px|30px|30px|30px\u00a0\u00bb border_width_all=\u00a0\u00bb3px\u00a0\u00bb border_color_all=\u00a0\u00bb#000000&Prime; global_colors_info=\u00a0\u00bb{}\u00a0\u00bb sticky_enabled=\u00a0\u00bb0&Prime;]<\/p>\n<ul>\n<li style=\"text-align: left;\">La th\u00e9matique de la semaine<\/li>\n<li style=\"text-align: left;\">L&rsquo;acc\u00e8s \u00e0 la vid\u00e9o explicative<\/li>\n<li style=\"text-align: left;\">Vos missions<\/li>\n<li style=\"text-align: left;\">Vos outils gratuits<\/li>\n<\/ul>\n<p>[\/et_pb_blurb][\/et_pb_column][et_pb_column type=\u00a0\u00bb1_2&Prime; _builder_version=\u00a0\u00bb4.27.4&Prime; _module_preset=\u00a0\u00bbdefault\u00a0\u00bb global_colors_info=\u00a0\u00bb{}\u00a0\u00bb][et_pb_blurb title=\u00a0\u00bbLE WEEK-END\u00a0\u00bb use_icon=\u00a0\u00bbon\u00a0\u00bb font_icon=\u00a0\u00bb&#x3b;||divi||400&Prime; _builder_version=\u00a0\u00bb4.27.5&Prime; _module_preset=\u00a0\u00bbdefault\u00a0\u00bb background_color=\u00a0\u00bb#FFFFFF\u00a0\u00bb text_orientation=\u00a0\u00bbcenter\u00a0\u00bb custom_padding=\u00a0\u00bb||48px|9px|false|false\u00a0\u00bb hover_enabled=\u00a0\u00bb0&Prime; border_radii=\u00a0\u00bbon|30px|30px|30px|30px\u00a0\u00bb border_width_all=\u00a0\u00bb3px\u00a0\u00bb border_color_all=\u00a0\u00bb#000000&Prime; global_colors_info=\u00a0\u00bb{}\u00a0\u00bb sticky_enabled=\u00a0\u00bb0&Prime;]<\/p>\n<p style=\"text-align: left;\">Chaque module, on vous propose :<\/p>\n<ul>\n<li style=\"text-align: left;\">Un d\u00e9fi simple et pratique \u00e0 tenter<\/li>\n<\/ul>\n<p>[\/et_pb_blurb][\/et_pb_column][\/et_pb_row][et_pb_row _builder_version=\u00a0\u00bb4.27.4&Prime; _module_preset=\u00a0\u00bbdefault\u00a0\u00bb global_colors_info=\u00a0\u00bb{}\u00a0\u00bb][et_pb_column type=\u00a0\u00bb4_4&Prime; _builder_version=\u00a0\u00bb4.27.4&Prime; _module_preset=\u00a0\u00bbdefault\u00a0\u00bb global_colors_info=\u00a0\u00bb{}\u00a0\u00bb][et_pb_divider _builder_version=\u00a0\u00bb4.27.4&Prime; _module_preset=\u00a0\u00bbdefault\u00a0\u00bb custom_margin=\u00a0\u00bb||-35px||false|false\u00a0\u00bb global_colors_info=\u00a0\u00bb{}\u00a0\u00bb][\/et_pb_divider][et_pb_text _builder_version=\u00a0\u00bb4.27.5&Prime; _module_preset=\u00a0\u00bbdefault\u00a0\u00bb custom_margin=\u00a0\u00bb2%|2%|2%|2%|false|false\u00a0\u00bb custom_padding=\u00a0\u00bb2%|2%|2%|2%|false|false\u00a0\u00bb hover_enabled=\u00a0\u00bb0&Prime; border_radii=\u00a0\u00bbon|30px|30px|30px|30px\u00a0\u00bb border_width_all=\u00a0\u00bb5px\u00a0\u00bb border_color_all=\u00a0\u00bb#BDE2D3&Prime; border_style_all=\u00a0\u00bbdashed\u00a0\u00bb global_colors_info=\u00a0\u00bb{}\u00a0\u00bb sticky_enabled=\u00a0\u00bb0&Prime;]<\/p>\n<h2>Combien \u00e7a vaut tout \u00e7a ?<\/h2>\n<p data-start=\"127\" data-end=\"440\">&#x1f449;&#x1f3fb; 6 modules d&rsquo;accompagnement avec des di\u00e9t\u00e9tistes-nutritionnistes dipl\u00f4m\u00e9es<br data-start=\"207\" data-end=\"210\" \/>&#x1f449;&#x1f3fb; Des vid\u00e9os explicatives, des exercices pratiques et des d\u00e9fis motivants<br data-start=\"348\" data-end=\"351\" \/>&#x1f449;&#x1f3fb; Et en bonus : 150 $ d\u2019outils gratuits<\/p>\n<h4 data-start=\"127\" data-end=\"440\">Valeur total de 450 $ offert \u00e0 seulement 349 $<\/h4>\n<p>[\/et_pb_text][et_pb_button button_url=\u00a0\u00bbhttps:\/\/epithelia.ca\/produit\/formation-dites-adieu-aux-regimes-mais-pas-au-plaisir\/\u00a0\u00bb button_text=\u00a0\u00bbJ&rsquo;EMBARQUE\u00a0\u00bb button_alignment=\u00a0\u00bbcenter\u00a0\u00bb _builder_version=\u00a0\u00bb4.27.4&Prime; _module_preset=\u00a0\u00bbdefault\u00a0\u00bb custom_button=\u00a0\u00bbon\u00a0\u00bb button_bg_color=\u00a0\u00bb#FFFFFF\u00a0\u00bb global_colors_info=\u00a0\u00bb{}\u00a0\u00bb][\/et_pb_button][et_pb_text _builder_version=\u00a0\u00bb4.27.4&Prime; _module_preset=\u00a0\u00bbdefault\u00a0\u00bb background_color=\u00a0\u00bb#FFFFFF\u00a0\u00bb custom_margin=\u00a0\u00bb2%|2%|2%|2%|false|false\u00a0\u00bb custom_padding=\u00a0\u00bb2%|2%|2%|2%|false|false\u00a0\u00bb border_radii=\u00a0\u00bbon|30px|30px|30px|30px\u00a0\u00bb global_colors_info=\u00a0\u00bb{}\u00a0\u00bb]<\/p>\n<h5>Un investissement couvert par plusieurs assurances !<\/h5>\n<p>Cette formation, offerte par des di\u00e9t\u00e9tistes-nutritionnistes dipl\u00f4m\u00e9es, est <strong>admissible aux assurances<\/strong>. \u00c0 votre demande, un re\u00e7u vous sera remis pour votre r\u00e9clamation.<\/p>\n<p>[\/et_pb_text][et_pb_divider _builder_version=\u00a0\u00bb4.27.4&Prime; _module_preset=\u00a0\u00bbdefault\u00a0\u00bb custom_margin=\u00a0\u00bb||-10px||false|false\u00a0\u00bb global_colors_info=\u00a0\u00bb{}\u00a0\u00bb][\/et_pb_divider][\/et_pb_column][\/et_pb_row][et_pb_row _builder_version=\u00a0\u00bb4.27.4&Prime; _module_preset=\u00a0\u00bbdefault\u00a0\u00bb global_colors_info=\u00a0\u00bb{}\u00a0\u00bb][et_pb_column type=\u00a0\u00bb4_4&Prime; _builder_version=\u00a0\u00bb4.27.4&Prime; _module_preset=\u00a0\u00bbdefault\u00a0\u00bb global_colors_info=\u00a0\u00bb{}\u00a0\u00bb][et_pb_text _builder_version=\u00a0\u00bb4.27.4&Prime; _module_preset=\u00a0\u00bbdefault\u00a0\u00bb global_colors_info=\u00a0\u00bb{}\u00a0\u00bb]<\/p>\n<h3>Rencontrez les nutritionnistes qui vous accompagneront !<\/h3>\n<p>Cette formation a \u00e9t\u00e9 con\u00e7ue et est anim\u00e9e par <strong>Malorie et Roxanne<\/strong>, <strong>di\u00e9t\u00e9tistes-nutritionnistes dipl\u00f4m\u00e9es<\/strong>, membres de l&rsquo;<a href=\"https:\/\/odnq.org\/\">ODNQ<\/a> et\u00a0passionn\u00e9es par l\u2019<strong>accompagnement bienveillant en alimentation<\/strong>. Leur mission ? Vous aider \u00e0 retrouver une relation sereine avec la nourriture, sans privation ni culpabilit\u00e9 !<\/p>\n<p>[\/et_pb_text][\/et_pb_column][\/et_pb_row][et_pb_row column_structure=\u00a0\u00bb1_2,1_2&Prime; _builder_version=\u00a0\u00bb4.27.4&Prime; _module_preset=\u00a0\u00bbdefault\u00a0\u00bb border_radii=\u00a0\u00bbon|30px|30px|30px|30px\u00a0\u00bb border_width_all=\u00a0\u00bb10px\u00a0\u00bb border_color_all=\u00a0\u00bb#FFFFFF\u00a0\u00bb border_style_all=\u00a0\u00bbdotted\u00a0\u00bb global_colors_info=\u00a0\u00bb{}\u00a0\u00bb][et_pb_column type=\u00a0\u00bb1_2&Prime; _builder_version=\u00a0\u00bb4.27.4&Prime; _module_preset=\u00a0\u00bbdefault\u00a0\u00bb global_colors_info=\u00a0\u00bb{}\u00a0\u00bb][et_pb_image src=\u00a0\u00bbhttps:\/\/epithelia.ca\/wp-content\/uploads\/2024\/04\/Malorie-Munger.jpg\u00a0\u00bb title_text=\u00a0\u00bbMalorie-Munger\u00a0\u00bb align=\u00a0\u00bbcenter\u00a0\u00bb _builder_version=\u00a0\u00bb4.27.4&Prime; _module_preset=\u00a0\u00bbdefault\u00a0\u00bb background_color=\u00a0\u00bb#F4ECE7&Prime; width=\u00a0\u00bb50%\u00a0\u00bb custom_margin=\u00a0\u00bb100px||||false|false\u00a0\u00bb border_radii=\u00a0\u00bbon|150px|150px|150px|150px\u00a0\u00bb global_colors_info=\u00a0\u00bb{}\u00a0\u00bb][\/et_pb_image][\/et_pb_column][et_pb_column type=\u00a0\u00bb1_2&Prime; _builder_version=\u00a0\u00bb4.27.4&Prime; _module_preset=\u00a0\u00bbdefault\u00a0\u00bb global_colors_info=\u00a0\u00bb{}\u00a0\u00bb][et_pb_blurb title=\u00a0\u00bbMalorie Munger\u00a0\u00bb use_icon=\u00a0\u00bbon\u00a0\u00bb font_icon=\u00a0\u00bb&#xf564;||fa||900&Prime; icon_placement=\u00a0\u00bbleft\u00a0\u00bb _builder_version=\u00a0\u00bb4.27.4&Prime; _module_preset=\u00a0\u00bbdefault\u00a0\u00bb body_font_size=\u00a0\u00bb15px\u00a0\u00bb custom_margin=\u00a0\u00bb15px||||false|false\u00a0\u00bb global_colors_info=\u00a0\u00bb{}\u00a0\u00bb]<\/p>\n<p>\u00ab <em>La perte de poids m\u2019a toujours fascin\u00e9e par sa complexit\u00e9. On la banalise souvent, comme s\u2019il suffisait simplement de \u00ab\u00a0bouger plus et manger moins\u00a0\u00bb\u2026 Pourtant, chaque jour, j\u2019accompagne des personnes qui me disent : <strong data-start=\"215\" data-end=\"264\">\u00ab\u00a0Je sais quoi faire, mais je n\u2019y arrive pas.\u00a0\u00bb<\/strong><\/em><\/p>\n<div class=\"flex max-w-full flex-col flex-grow\">\n<div data-message-author-role=\"assistant\" data-message-id=\"587879f9-626f-4690-83d1-c43b45f2d9b9\" dir=\"auto\" class=\"min-h-8 text-message relative flex w-full flex-col items-end gap-2 whitespace-normal break-words text-start [.text-message+&amp;]:mt-5\" data-message-model-slug=\"gpt-4o\">\n<div class=\"flex w-full flex-col gap-1 empty:hidden first:pt-[3px]\">\n<div class=\"markdown prose w-full break-words dark:prose-invert light\">\n<p data-start=\"268\" data-end=\"527\"><em>Si vous vous reconnaissez dans cette phrase, sachez que vous n\u2019\u00eates pas seul(e). La r\u00e9alit\u00e9, c\u2019est que la perte de poids va bien au-del\u00e0 de la simple volont\u00e9. Elle touche \u00e0 nos habitudes, notre relation avec la nourriture, nos \u00e9motions et notre mode de vie.<\/em><\/p>\n<p data-start=\"529\" data-end=\"686\"><em>Avec cette formation, mon objectif est de rendre ce processus plus accessible, bienveillant et surtout r\u00e9aliste. J\u2019y ai mis tout mon c\u0153ur et mon expertise.<\/em><\/p>\n<p data-start=\"688\" data-end=\"791\" data-is-last-node=\"\" data-is-only-node=\"\"><em>Je vous attends de l\u2019autre c\u00f4t\u00e9 du miroir \u2013 celui o\u00f9 l\u2019on se sent mieux dans son corps et dans sa t\u00eate.<\/em> \u00bb<\/p>\n<p data-start=\"688\" data-end=\"791\" data-is-last-node=\"\" data-is-only-node=\"\"><em>Malorie<\/em><\/p>\n<\/div>\n<\/div>\n<\/div>\n<\/div>\n<div class=\"mb-2 flex gap-3 -ml-2\" tabindex=\"0\">\n<div class=\"flex items-center justify-start rounded-xl p-1\">\n<div>\n<div class=\"flex items-center transition-opacity group-hover\/turn:opacity-100 opacity-100\">\n<p><span class=\"\" data-state=\"closed\"><button class=\"rounded-lg text-token-text-secondary hover:bg-token-main-surface-secondary\" aria-label=\"Copier\" data-testid=\"copy-turn-action-button\"><span class=\"flex h-[30px] w-[30px] items-center justify-center\"><svg width=\"24\" height=\"24\" viewbox=\"0 0 24 24\" fill=\"none\" xmlns=\"http:\/\/www.w3.org\/2000\/svg\" class=\"icon-md-heavy\"><path fill-rule=\"evenodd\" clip-rule=\"evenodd\" d=\"M7 5C7 3.34315 8.34315 2 10 2H19C20.6569 2 22 3.34315 22 5V14C22 15.6569 20.6569 17 19 17H17V19C17 20.6569 15.6569 22 14 22H5C3.34315 22 2 20.6569 2 19V10C2 8.34315 3.34315 7 5 7H7V5ZM9 7H14C15.6569 7 17 8.34315 17 10V15H19C19.5523 15 20 14.5523 20 14V5C20 4.44772 19.5523 4 19 4H10C9.44772 4 9 4.44772 9 5V7ZM5 9C4.44772 9 4 9.44772 4 10V19C4 19.5523 4.44772 20 5 20H14C14.5523 20 15 19.5523 15 19V10C15 9.44772 14.5523 9 14 9H5Z\" fill=\"currentColor\"><\/path><\/svg><\/span><\/button><\/span><span class=\"\" data-state=\"closed\"><button class=\"rounded-lg text-token-text-secondary hover:bg-token-main-surface-secondary\" aria-label=\"Lire \u00e0 haute voix\" data-testid=\"voice-play-turn-action-button\"><span class=\"flex h-[30px] w-[30px] items-center justify-center\"><svg width=\"24\" height=\"24\" viewbox=\"0 0 24 24\" fill=\"none\" xmlns=\"http:\/\/www.w3.org\/2000\/svg\" class=\"icon-md-heavy\"><path fill-rule=\"evenodd\" clip-rule=\"evenodd\" d=\"M11 4.9099C11 4.47485 10.4828 4.24734 10.1621 4.54132L6.67572 7.7372C6.49129 7.90626 6.25019 8.00005 6 8.00005H4C3.44772 8.00005 3 8.44776 3 9.00005V15C3 15.5523 3.44772 16 4 16H6C6.25019 16 6.49129 16.0938 6.67572 16.2629L10.1621 19.4588C10.4828 19.7527 11 19.5252 11 19.0902V4.9099ZM8.81069 3.06701C10.4142 1.59714 13 2.73463 13 4.9099V19.0902C13 21.2655 10.4142 22.403 8.81069 20.9331L5.61102 18H4C2.34315 18 1 16.6569 1 15V9.00005C1 7.34319 2.34315 6.00005 4 6.00005H5.61102L8.81069 3.06701ZM20.3166 6.35665C20.8019 6.09313 21.409 6.27296 21.6725 6.75833C22.5191 8.3176 22.9996 10.1042 22.9996 12.0001C22.9996 13.8507 22.5418 15.5974 21.7323 17.1302C21.4744 17.6185 20.8695 17.8054 20.3811 17.5475C19.8927 17.2896 19.7059 16.6846 19.9638 16.1962C20.6249 14.9444 20.9996 13.5175 20.9996 12.0001C20.9996 10.4458 20.6064 8.98627 19.9149 7.71262C19.6514 7.22726 19.8312 6.62017 20.3166 6.35665ZM15.7994 7.90049C16.241 7.5688 16.8679 7.65789 17.1995 8.09947C18.0156 9.18593 18.4996 10.5379 18.4996 12.0001C18.4996 13.3127 18.1094 14.5372 17.4385 15.5604C17.1357 16.0222 16.5158 16.1511 16.0539 15.8483C15.5921 15.5455 15.4632 14.9255 15.766 14.4637C16.2298 13.7564 16.4996 12.9113 16.4996 12.0001C16.4996 10.9859 16.1653 10.0526 15.6004 9.30063C15.2687 8.85905 15.3578 8.23218 15.7994 7.90049Z\" fill=\"currentColor\"><\/path><\/svg><\/span><\/button><\/span><span class=\"\" data-state=\"closed\"><button class=\"rounded-lg text-token-text-secondary hover:bg-token-main-surface-secondary\" aria-label=\"Modifier dans le canevas\"><span class=\"flex h-[30px] w-[30px] items-center justify-center\"><svg width=\"24\" height=\"24\" viewbox=\"0 0 24 24\" fill=\"none\" xmlns=\"http:\/\/www.w3.org\/2000\/svg\" class=\"icon-md\"><path d=\"M2.5 5.5C4.3 5.2 5.2 4 5.5 2.5C5.8 4 6.7 5.2 8.5 5.5C6.7 5.8 5.8 7 5.5 8.5C5.2 7 4.3 5.8 2.5 5.5Z\" fill=\"currentColor\" stroke=\"currentColor\" stroke-linecap=\"round\" stroke-linejoin=\"round\"><\/path><path d=\"M5.66282 16.5231L5.18413 19.3952C5.12203 19.7678 5.09098 19.9541 5.14876 20.0888C5.19933 20.2067 5.29328 20.3007 5.41118 20.3512C5.54589 20.409 5.73218 20.378 6.10476 20.3159L8.97693 19.8372C9.72813 19.712 10.1037 19.6494 10.4542 19.521C10.7652 19.407 11.0608 19.2549 11.3343 19.068C11.6425 18.8575 11.9118 18.5882 12.4503 18.0497L20 10.5C21.3807 9.11929 21.3807 6.88071 20 5.5C18.6193 4.11929 16.3807 4.11929 15 5.5L7.45026 13.0497C6.91175 13.5882 6.6425 13.8575 6.43197 14.1657C6.24513 14.4392 6.09299 14.7348 5.97903 15.0458C5.85062 15.3963 5.78802 15.7719 5.66282 16.5231Z\" stroke=\"currentColor\" stroke-width=\"2\" stroke-linecap=\"round\" stroke-linejoin=\"round\"><\/path><path d=\"M14.5 7L18.5 11\" stroke=\"currentColor\" stroke-width=\"2\" stroke-linecap=\"round\" stroke-linejoin=\"round\"><\/path><\/svg><\/span><\/button><\/span><span class=\"hidden\"><\/span><\/p>\n<div class=\"flex items-center pb-0\"><\/div>\n<\/div>\n<\/div>\n<\/div>\n<\/div>\n<p>[\/et_pb_blurb][\/et_pb_column][\/et_pb_row][et_pb_row column_structure=\u00a0\u00bb1_2,1_2&Prime; _builder_version=\u00a0\u00bb4.27.4&Prime; _module_preset=\u00a0\u00bbdefault\u00a0\u00bb custom_margin=\u00a0\u00bb10px||||false|false\u00a0\u00bb border_radii=\u00a0\u00bbon|30px|30px|30px|30px\u00a0\u00bb border_width_all=\u00a0\u00bb10px\u00a0\u00bb border_color_all=\u00a0\u00bb#FFFFFF\u00a0\u00bb border_style_all=\u00a0\u00bbdotted\u00a0\u00bb global_colors_info=\u00a0\u00bb{}\u00a0\u00bb][et_pb_column type=\u00a0\u00bb1_2&Prime; _builder_version=\u00a0\u00bb4.27.4&Prime; _module_preset=\u00a0\u00bbdefault\u00a0\u00bb global_colors_info=\u00a0\u00bb{}\u00a0\u00bb][et_pb_blurb title=\u00a0\u00bbRoxanne Mercier\u00a0\u00bb use_icon=\u00a0\u00bbon\u00a0\u00bb font_icon=\u00a0\u00bb&#xf5d1;||fa||900&Prime; icon_placement=\u00a0\u00bbleft\u00a0\u00bb _builder_version=\u00a0\u00bb4.27.4&Prime; _module_preset=\u00a0\u00bbdefault\u00a0\u00bb body_font_size=\u00a0\u00bb15px\u00a0\u00bb custom_margin=\u00a0\u00bb10px||||false|false\u00a0\u00bb global_colors_info=\u00a0\u00bb{}\u00a0\u00bb]<\/p>\n<div class=\"elementToProof\" style=\"text-align: left;\"><em>\u00ab Pour ce projet, nous avions une mission en t\u00eate : <strong>vous offrir une formation bas\u00e9e sur la science, mais accessible et applicable au quotidien<\/strong>. Trop souvent, l\u2019alimentation est entour\u00e9e de mythes, de r\u00e8gles strictes et de culpabilit\u00e9. Je voulais vous aider \u00e0 comprendre les \u00e9l\u00e9ments cl\u00e9 de votre corps, pour que vous puissiez enfin manger avec conscience et libert\u00e9.<\/em><\/div>\n<div class=\"elementToProof\" style=\"text-align: justify;\"><em>J\u2019ai donc mis tout mon c\u0153ur (et mon amour pour la science !) dans l\u2019\u00e9laboration des contenus : les capsules, les outils et les exercices! Tout a \u00e9t\u00e9 pens\u00e9 pour que vous ayez des r\u00e9ponses claires et bas\u00e9es sur des donn\u00e9es solides, loin des r\u00e9gimes \u00e0 la mode.<\/em><\/div>\n<div class=\"elementToProof\" style=\"text-align: justify;\"><em>Cette formation n\u2019est pas seulement th\u00e9orique. Avec Malorie, nous avons voulu qu\u2019elle soit humaine, bienveillante et ax\u00e9e sur l\u2019\u00e9coute de soi, \u00e0 l\u2019image de notre approche comme nutritionniste. Parce que manger, c\u2019est bien plus qu\u2019une question de nutriments : c\u2019est aussi du plaisir, des \u00e9motions et une connexion avec son corps.<\/em><\/div>\n<div class=\"elementToProof\" style=\"text-align: justify;\"><em>J\u2019ai h\u00e2te que vous d\u00e9couvriez tout ce que nous avons pr\u00e9par\u00e9 pour vous. Et surtout, j\u2019ai h\u00e2te de vous voir \u00e9voluer vers une relation plus saine et \u00e9quilibr\u00e9e avec l\u2019alimentation. Vous m\u00e9ritez de manger sans culpabilit\u00e9 et avec plaisir.<\/em><\/div>\n<div class=\"elementToProof\" style=\"text-align: justify;\"><em>Au plaisir de vous accompagner dans cette belle aventure ! \u00bb<\/em><\/div>\n<div class=\"elementToProof\"><em>Roxanne<\/em><\/div>\n<p>[\/et_pb_blurb][\/et_pb_column][et_pb_column type=\u00a0\u00bb1_2&Prime; _builder_version=\u00a0\u00bb4.27.4&Prime; _module_preset=\u00a0\u00bbdefault\u00a0\u00bb global_colors_info=\u00a0\u00bb{}\u00a0\u00bb][et_pb_image src=\u00a0\u00bbhttps:\/\/epithelia.ca\/wp-content\/uploads\/2024\/04\/Roxanne-Mercier.jpg\u00a0\u00bb title_text=\u00a0\u00bbRoxanne-Mercier\u00a0\u00bb align=\u00a0\u00bbcenter\u00a0\u00bb _builder_version=\u00a0\u00bb4.27.4&Prime; _module_preset=\u00a0\u00bbdefault\u00a0\u00bb width=\u00a0\u00bb50%\u00a0\u00bb custom_margin=\u00a0\u00bb100px||||false|false\u00a0\u00bb border_radii=\u00a0\u00bbon|150px|150px|150px|150px\u00a0\u00bb global_colors_info=\u00a0\u00bb{}\u00a0\u00bb][\/et_pb_image][\/et_pb_column][\/et_pb_row][et_pb_row _builder_version=\u00a0\u00bb4.27.4&Prime; _module_preset=\u00a0\u00bbdefault\u00a0\u00bb global_colors_info=\u00a0\u00bb{}\u00a0\u00bb][et_pb_column type=\u00a0\u00bb4_4&Prime; _builder_version=\u00a0\u00bb4.27.4&Prime; _module_preset=\u00a0\u00bbdefault\u00a0\u00bb global_colors_info=\u00a0\u00bb{}\u00a0\u00bb][et_pb_text _builder_version=\u00a0\u00bb4.27.5&Prime; _module_preset=\u00a0\u00bbdefault\u00a0\u00bb background_color=\u00a0\u00bb#FFFFFF\u00a0\u00bb custom_margin=\u00a0\u00bb2%|2%|2%|2%|false|false\u00a0\u00bb custom_padding=\u00a0\u00bb2%|2%|2%|2%|false|false\u00a0\u00bb hover_enabled=\u00a0\u00bb0&Prime; border_radii=\u00a0\u00bbon|30px|30px|30px|30px\u00a0\u00bb border_width_all=\u00a0\u00bb3px\u00a0\u00bb border_color_all=\u00a0\u00bb#BDE2D3&Prime; global_colors_info=\u00a0\u00bb{}\u00a0\u00bb sticky_enabled=\u00a0\u00bb0&Prime;]<\/p>\n<h5 style=\"text-align: center;\">Elles vous guideront tout au long du programme avec :<\/h5>\n<p style=\"text-align: center;\">&#x1f449;&#x1f3fb; Des vid\u00e9os explicatives <strong>claires et accessibles<\/strong><br \/>&#x1f449;&#x1f3fb; Des <strong>exercices pratiques<\/strong> pour ancrer vos apprentissages<br \/>&#x1f449;&#x1f3fb; Des <strong>d\u00e9fis motivants<\/strong> pour vous aider \u00e0 \u00e9voluer module apr\u00e8s module<br \/>&#x1f449;&#x1f3fb; Une approche <strong>100 % bienveillance<\/strong> et z\u00e9ro jugement<\/p>\n<p>[\/et_pb_text][et_pb_button button_url=\u00a0\u00bbhttps:\/\/epithelia.ca\/produit\/formation-dites-adieu-aux-regimes-mais-pas-au-plaisir\/\u00a0\u00bb button_text=\u00a0\u00bbJE VEUX LA FORMATION\u00a0\u00bb button_alignment=\u00a0\u00bbcenter\u00a0\u00bb _builder_version=\u00a0\u00bb4.27.4&Prime; _module_preset=\u00a0\u00bbdefault\u00a0\u00bb custom_button=\u00a0\u00bbon\u00a0\u00bb button_bg_color=\u00a0\u00bb#FFFFFF\u00a0\u00bb global_colors_info=\u00a0\u00bb{}\u00a0\u00bb][\/et_pb_button][et_pb_divider _builder_version=\u00a0\u00bb4.27.4&Prime; _module_preset=\u00a0\u00bbdefault\u00a0\u00bb custom_margin=\u00a0\u00bb||-1px||false|false\u00a0\u00bb global_colors_info=\u00a0\u00bb{}\u00a0\u00bb][\/et_pb_divider][\/et_pb_column][\/et_pb_row][et_pb_row _builder_version=\u00a0\u00bb4.27.4&Prime; _module_preset=\u00a0\u00bbdefault\u00a0\u00bb global_colors_info=\u00a0\u00bb{}\u00a0\u00bb][et_pb_column type=\u00a0\u00bb4_4&Prime; _builder_version=\u00a0\u00bb4.27.4&Prime; _module_preset=\u00a0\u00bbdefault\u00a0\u00bb global_colors_info=\u00a0\u00bb{}\u00a0\u00bb][et_pb_text _builder_version=\u00a0\u00bb4.27.4&Prime; _module_preset=\u00a0\u00bbdefault\u00a0\u00bb global_colors_info=\u00a0\u00bb{}\u00a0\u00bb]<\/p>\n<h3>D\u00e9couvrez ce que les participants pensent de notre formation !<\/h3>\n<p>[\/et_pb_text][\/et_pb_column][\/et_pb_row][et_pb_row column_structure=\u00a0\u00bb1_3,1_3,1_3&Prime; _builder_version=\u00a0\u00bb4.27.4&Prime; _module_preset=\u00a0\u00bbdefault\u00a0\u00bb global_colors_info=\u00a0\u00bb{}\u00a0\u00bb][et_pb_column type=\u00a0\u00bb1_3&Prime; _builder_version=\u00a0\u00bb4.27.4&Prime; _module_preset=\u00a0\u00bbdefault\u00a0\u00bb global_colors_info=\u00a0\u00bb{}\u00a0\u00bb][et_pb_image src=\u00a0\u00bbhttps:\/\/epithelia.ca\/wp-content\/uploads\/2025\/06\/2-6.avif\u00a0\u00bb title_text=\u00a0\u00bb2&Prime; _builder_version=\u00a0\u00bb4.27.4&Prime; _module_preset=\u00a0\u00bbdefault\u00a0\u00bb global_colors_info=\u00a0\u00bb{}\u00a0\u00bb][\/et_pb_image][\/et_pb_column][et_pb_column type=\u00a0\u00bb1_3&Prime; _builder_version=\u00a0\u00bb4.27.4&Prime; _module_preset=\u00a0\u00bbdefault\u00a0\u00bb global_colors_info=\u00a0\u00bb{}\u00a0\u00bb][et_pb_image src=\u00a0\u00bbhttps:\/\/epithelia.ca\/wp-content\/uploads\/2025\/06\/3-4.avif\u00a0\u00bb title_text=\u00a0\u00bb3&Prime; _builder_version=\u00a0\u00bb4.27.4&Prime; _module_preset=\u00a0\u00bbdefault\u00a0\u00bb global_colors_info=\u00a0\u00bb{}\u00a0\u00bb][\/et_pb_image][\/et_pb_column][et_pb_column type=\u00a0\u00bb1_3&Prime; _builder_version=\u00a0\u00bb4.27.4&Prime; _module_preset=\u00a0\u00bbdefault\u00a0\u00bb global_colors_info=\u00a0\u00bb{}\u00a0\u00bb][et_pb_image src=\u00a0\u00bbhttps:\/\/epithelia.ca\/wp-content\/uploads\/2025\/06\/4-1.avif\u00a0\u00bb title_text=\u00a0\u00bb4&Prime; _builder_version=\u00a0\u00bb4.27.4&Prime; _module_preset=\u00a0\u00bbdefault\u00a0\u00bb global_colors_info=\u00a0\u00bb{}\u00a0\u00bb][\/et_pb_image][\/et_pb_column][\/et_pb_row][et_pb_row column_structure=\u00a0\u00bb1_3,1_3,1_3&Prime; _builder_version=\u00a0\u00bb4.27.4&Prime; _module_preset=\u00a0\u00bbdefault\u00a0\u00bb global_colors_info=\u00a0\u00bb{}\u00a0\u00bb][et_pb_column type=\u00a0\u00bb1_3&Prime; _builder_version=\u00a0\u00bb4.27.4&Prime; _module_preset=\u00a0\u00bbdefault\u00a0\u00bb global_colors_info=\u00a0\u00bb{}\u00a0\u00bb][et_pb_image src=\u00a0\u00bbhttps:\/\/epithelia.ca\/wp-content\/uploads\/2025\/06\/5-2.avif\u00a0\u00bb title_text=\u00a0\u00bb5&Prime; _builder_version=\u00a0\u00bb4.27.4&Prime; _module_preset=\u00a0\u00bbdefault\u00a0\u00bb global_colors_info=\u00a0\u00bb{}\u00a0\u00bb][\/et_pb_image][\/et_pb_column][et_pb_column type=\u00a0\u00bb1_3&Prime; _builder_version=\u00a0\u00bb4.27.4&Prime; _module_preset=\u00a0\u00bbdefault\u00a0\u00bb global_colors_info=\u00a0\u00bb{}\u00a0\u00bb][et_pb_image src=\u00a0\u00bbhttps:\/\/epithelia.ca\/wp-content\/uploads\/2025\/06\/6-3.avif\u00a0\u00bb title_text=\u00a0\u00bb6&Prime; _builder_version=\u00a0\u00bb4.27.4&Prime; _module_preset=\u00a0\u00bbdefault\u00a0\u00bb global_colors_info=\u00a0\u00bb{}\u00a0\u00bb][\/et_pb_image][\/et_pb_column][et_pb_column type=\u00a0\u00bb1_3&Prime; _builder_version=\u00a0\u00bb4.27.4&Prime; _module_preset=\u00a0\u00bbdefault\u00a0\u00bb global_colors_info=\u00a0\u00bb{}\u00a0\u00bb][et_pb_image src=\u00a0\u00bbhttps:\/\/epithelia.ca\/wp-content\/uploads\/2025\/06\/7-3.avif\u00a0\u00bb title_text=\u00a0\u00bb7&Prime; _builder_version=\u00a0\u00bb4.27.4&Prime; _module_preset=\u00a0\u00bbdefault\u00a0\u00bb global_colors_info=\u00a0\u00bb{}\u00a0\u00bb][\/et_pb_image][\/et_pb_column][\/et_pb_row][et_pb_row _builder_version=\u00a0\u00bb4.27.4&Prime; _module_preset=\u00a0\u00bbdefault\u00a0\u00bb global_colors_info=\u00a0\u00bb{}\u00a0\u00bb][et_pb_column type=\u00a0\u00bb4_4&Prime; _builder_version=\u00a0\u00bb4.27.4&Prime; _module_preset=\u00a0\u00bbdefault\u00a0\u00bb global_colors_info=\u00a0\u00bb{}\u00a0\u00bb][et_pb_button button_url=\u00a0\u00bbhttps:\/\/epithelia.ca\/produit\/formation-dites-adieu-aux-regimes-mais-pas-au-plaisir\/\u00a0\u00bb button_text=\u00a0\u00bb\u00c7A M&rsquo;INT\u00c9RESSE !\u00a0\u00bb button_alignment=\u00a0\u00bbcenter\u00a0\u00bb _builder_version=\u00a0\u00bb4.27.4&Prime; _module_preset=\u00a0\u00bbdefault\u00a0\u00bb custom_button=\u00a0\u00bbon\u00a0\u00bb button_bg_color=\u00a0\u00bb#FFFFFF\u00a0\u00bb global_colors_info=\u00a0\u00bb{}\u00a0\u00bb][\/et_pb_button][\/et_pb_column][\/et_pb_row][et_pb_row _builder_version=\u00a0\u00bb4.27.4&Prime; _module_preset=\u00a0\u00bbdefault\u00a0\u00bb global_colors_info=\u00a0\u00bb{}\u00a0\u00bb][et_pb_column type=\u00a0\u00bb4_4&Prime; _builder_version=\u00a0\u00bb4.27.4&Prime; _module_preset=\u00a0\u00bbdefault\u00a0\u00bb global_colors_info=\u00a0\u00bb{}\u00a0\u00bb][et_pb_divider _builder_version=\u00a0\u00bb4.27.4&Prime; _module_preset=\u00a0\u00bbdefault\u00a0\u00bb custom_margin=\u00a0\u00bb||-22px||false|false\u00a0\u00bb global_colors_info=\u00a0\u00bb{}\u00a0\u00bb][\/et_pb_divider][\/et_pb_column][\/et_pb_row][et_pb_row _builder_version=\u00a0\u00bb4.27.4&Prime; _module_preset=\u00a0\u00bbdefault\u00a0\u00bb global_colors_info=\u00a0\u00bb{}\u00a0\u00bb][et_pb_column type=\u00a0\u00bb4_4&Prime; _builder_version=\u00a0\u00bb4.27.4&Prime; _module_preset=\u00a0\u00bbdefault\u00a0\u00bb global_colors_info=\u00a0\u00bb{}\u00a0\u00bb][et_pb_text _builder_version=\u00a0\u00bb4.27.4&Prime; _module_preset=\u00a0\u00bbdefault\u00a0\u00bb global_colors_info=\u00a0\u00bb{}\u00a0\u00bb]<\/p>\n<h3>Des questions? Voici des r\u00e9ponses !<\/h3>\n<p>[\/et_pb_text][\/et_pb_column][\/et_pb_row][et_pb_row column_structure=\u00a0\u00bb1_2,1_2&Prime; _builder_version=\u00a0\u00bb4.27.4&Prime; _module_preset=\u00a0\u00bbdefault\u00a0\u00bb global_colors_info=\u00a0\u00bb{}\u00a0\u00bb][et_pb_column type=\u00a0\u00bb1_2&Prime; _builder_version=\u00a0\u00bb4.27.4&Prime; _module_preset=\u00a0\u00bbdefault\u00a0\u00bb global_colors_info=\u00a0\u00bb{}\u00a0\u00bb][et_pb_toggle title=\u00a0\u00bbComment me connecter \u00e0 la formation ? \u00a0\u00bb open_toggle_text_color=\u00a0\u00bb#000000&Prime; open_toggle_background_color=\u00a0\u00bb#BDE2D3&Prime; closed_toggle_text_color=\u00a0\u00bb#000000&Prime; closed_toggle_background_color=\u00a0\u00bb#BDE2D3&Prime; icon_color=\u00a0\u00bb#000000&Prime; open_icon_color=\u00a0\u00bb#000000&Prime; _builder_version=\u00a0\u00bb4.27.5&Prime; _module_preset=\u00a0\u00bbdefault\u00a0\u00bb title_text_color=\u00a0\u00bb#000000&Prime; body_text_color=\u00a0\u00bb#000000&Prime; width=\u00a0\u00bb80%\u00a0\u00bb custom_padding=\u00a0\u00bb6%||6%||false|false\u00a0\u00bb border_radii=\u00a0\u00bbon|30px|30px|30px|30px\u00a0\u00bb global_colors_info=\u00a0\u00bb{}\u00a0\u00bb]<\/p>\n<ol>\n<li><span>Rendez-vous sur <\/span><span><u><a href=\"mailto:https:\/\/epithelia.ca\/\" title=\"mailto:https:\/\/epithelia.ca\/\" data-outlook-id=\"e5de0c10-9708-4934-a26d-0b3e67a9f8ed\">Epithelia.ca<\/a><\/u><\/span><\/li>\n<li>Cliquez sur <a href=\"https:\/\/epithelia.ca\/connexion\/\">Connexion formations<\/a> dans le coin sup\u00e9rieur droit du site.<\/li>\n<li><span>Cliquez ensuite sur Connexion sur la page qui est apparu.<\/span><\/li>\n<li>Entrez vos acc\u00e8s : adresse courriel + mot de passe (celui que vous avez cr\u00e9\u00e9 lors de l\u2019achat)<\/li>\n<li>\u00a0Vous aurez alors acc\u00e8s \u00e0 votre formation en cliquant sur l&rsquo;image correspondante dans le bas.<\/li>\n<\/ol>\n<p>[\/et_pb_toggle][et_pb_toggle title=\u00a0\u00bbEst-ce que j&rsquo;ai acc\u00e8s \u00e0 la banque de recettes \u00c9pith\u00e9lia ?\u00a0\u00bb open_toggle_text_color=\u00a0\u00bb#000000&Prime; open_toggle_background_color=\u00a0\u00bb#BDE2D3&Prime; closed_toggle_text_color=\u00a0\u00bb#000000&Prime; closed_toggle_background_color=\u00a0\u00bb#BDE2D3&Prime; icon_color=\u00a0\u00bb#000000&Prime; open_icon_color=\u00a0\u00bb#000000&Prime; _builder_version=\u00a0\u00bb4.27.5&Prime; _module_preset=\u00a0\u00bbdefault\u00a0\u00bb title_text_color=\u00a0\u00bb#000000&Prime; body_text_color=\u00a0\u00bb#000000&Prime; width=\u00a0\u00bb80%\u00a0\u00bb custom_padding=\u00a0\u00bb6%||6%||false|false\u00a0\u00bb border_radii=\u00a0\u00bbon|30px|30px|30px|30px\u00a0\u00bb global_colors_info=\u00a0\u00bb{}\u00a0\u00bb]<\/p>\n<p>Absolument! En achetant cette formation, vous avez obtenu l&rsquo;abonnement \u00e0 nos recettes exclusives durant un an. Vous pouvez vous rendre directement sur l&rsquo;onglet <a href=\"https:\/\/epithelia.ca\/recettes\/\">Recettes<\/a> du site et cliquez sur une recette cadenass\u00e9e. On vous demandera alors vos acc\u00e8s (les m\u00eame que pour vous connecter \u00e0 votre formation).<\/p>\n<p>Vous pouvez \u00e9galement vous connecter sur <a href=\"https:\/\/epithelia.ca\/connexion\/\">Connexion formations<\/a> (toujours avec les m\u00eame acc\u00e8s) et la banque de recettes sera dans les options du bas comme votre formation.<\/p>\n<p>[\/et_pb_toggle][et_pb_toggle title=\u00a0\u00bbDurant combien de temps j&rsquo;ai acc\u00e8s \u00e0 la formation ?\u00a0\u00bb open_toggle_text_color=\u00a0\u00bb#000000&Prime; open_toggle_background_color=\u00a0\u00bb#BDE2D3&Prime; closed_toggle_text_color=\u00a0\u00bb#000000&Prime; closed_toggle_background_color=\u00a0\u00bb#BDE2D3&Prime; icon_color=\u00a0\u00bb#000000&Prime; open_icon_color=\u00a0\u00bb#000000&Prime; _builder_version=\u00a0\u00bb4.27.5&Prime; _module_preset=\u00a0\u00bbdefault\u00a0\u00bb title_text_color=\u00a0\u00bb#000000&Prime; body_text_color=\u00a0\u00bb#000000&Prime; width=\u00a0\u00bb80%\u00a0\u00bb custom_padding=\u00a0\u00bb6%||6%||false|false\u00a0\u00bb border_radii=\u00a0\u00bbon|30px|30px|30px|30px\u00a0\u00bb global_colors_info=\u00a0\u00bb{}\u00a0\u00bb]<\/p>\n<p>Vous avez acc\u00e8s \u00e0 votre formation \u00e0 vie (ou jusqu&rsquo;\u00e0 ce que la plateforme n&rsquo;existe plus hi hi).<\/p>\n<p>[\/et_pb_toggle][et_pb_toggle title=\u00a0\u00bbJe ne re\u00e7ois pas le lien pour r\u00e9initialiser mon mot de passe, que faire?\u00a0\u00bb open_toggle_text_color=\u00a0\u00bb#000000&Prime; open_toggle_background_color=\u00a0\u00bb#BDE2D3&Prime; closed_toggle_text_color=\u00a0\u00bb#000000&Prime; closed_toggle_background_color=\u00a0\u00bb#BDE2D3&Prime; icon_color=\u00a0\u00bb#000000&Prime; open_icon_color=\u00a0\u00bb#000000&Prime; _builder_version=\u00a0\u00bb4.27.5&Prime; _module_preset=\u00a0\u00bbdefault\u00a0\u00bb title_text_color=\u00a0\u00bb#000000&Prime; body_text_color=\u00a0\u00bb#000000&Prime; width=\u00a0\u00bb80%\u00a0\u00bb custom_padding=\u00a0\u00bb3%||3%||false|false\u00a0\u00bb border_radii=\u00a0\u00bbon|30px|30px|30px|30px\u00a0\u00bb global_colors_info=\u00a0\u00bb{}\u00a0\u00bb]<\/p>\n<p>Pas de panique ! Il arrive que nos courriels tombent dans les ind\u00e9sirables ou m\u00eame qu&rsquo;ils n&rsquo;arrivent pas du tout. Si apr\u00e8s avoir v\u00e9rifi\u00e9 dans vos ind\u00e9sirables vous ne le trouver pas, vous n&rsquo;avez qu&rsquo;\u00e0 \u00e9crire \u00e0 <a href=\"mailto:lfournier@epithelia.ca\">notre coordonnatrice<\/a> et elle se fera un plaisir de le faire pour vous !<\/p>\n<p>[\/et_pb_toggle][et_pb_toggle title=\u00a0\u00bbJ&rsquo;ai re\u00e7u le courriel de r\u00e9initialisation de mot de passe, mais il n&rsquo;y a pas d&rsquo;hyperlien, que faire?\u00a0\u00bb open_toggle_text_color=\u00a0\u00bb#000000&Prime; open_toggle_background_color=\u00a0\u00bb#BDE2D3&Prime; closed_toggle_text_color=\u00a0\u00bb#000000&Prime; closed_toggle_background_color=\u00a0\u00bb#BDE2D3&Prime; icon_color=\u00a0\u00bb#000000&Prime; open_icon_color=\u00a0\u00bb#000000&Prime; _builder_version=\u00a0\u00bb4.27.5&Prime; _module_preset=\u00a0\u00bbdefault\u00a0\u00bb title_text_color=\u00a0\u00bb#000000&Prime; body_text_color=\u00a0\u00bb#000000&Prime; width=\u00a0\u00bb80%\u00a0\u00bb custom_padding=\u00a0\u00bb3%||3%||false|false\u00a0\u00bb border_radii=\u00a0\u00bbon|30px|30px|30px|30px\u00a0\u00bb global_colors_info=\u00a0\u00bb{}\u00a0\u00bb]<\/p>\n<p>Il arrive parfois\/souvent que le lien soit l\u00e0, mais, qu&rsquo;il soit blanc sur blanc, donc qu&rsquo;on ne le voit pas dans le courriel. Si vous cliquez malgr\u00e9 tout \u00e0 l&rsquo;endroit indiqu\u00e9, cela vous am\u00e8nera \u00e0 la page de r\u00e9initialisation. Si cela ne fonctionne pas, \u00e9crivez \u00e0 <a href=\"mailto:lfournier@epithelia.ca\">notre coordonnatrice<\/a> qui vous aidera avec la proc\u00e9dure.<\/p>\n<p>[\/et_pb_toggle][\/et_pb_column][et_pb_column type=\u00a0\u00bb1_2&Prime; _builder_version=\u00a0\u00bb4.27.4&Prime; _module_preset=\u00a0\u00bbdefault\u00a0\u00bb global_colors_info=\u00a0\u00bb{}\u00a0\u00bb][et_pb_toggle title=\u00a0\u00bbCombien de temps dois-je pr\u00e9voir pour chaque module ?\u00a0\u00bb open_toggle_text_color=\u00a0\u00bb#000000&Prime; open_toggle_background_color=\u00a0\u00bb#BDE2D3&Prime; closed_toggle_text_color=\u00a0\u00bb#000000&Prime; closed_toggle_background_color=\u00a0\u00bb#BDE2D3&Prime; icon_color=\u00a0\u00bb#000000&Prime; open_icon_color=\u00a0\u00bb#000000&Prime; _builder_version=\u00a0\u00bb4.27.5&Prime; _module_preset=\u00a0\u00bbdefault\u00a0\u00bb title_text_color=\u00a0\u00bb#000000&Prime; body_text_color=\u00a0\u00bb#000000&Prime; width=\u00a0\u00bb80%\u00a0\u00bb hover_enabled=\u00a0\u00bb0&Prime; border_radii=\u00a0\u00bbon|30px|30px|30px|30px\u00a0\u00bb global_colors_info=\u00a0\u00bb{}\u00a0\u00bb sticky_enabled=\u00a0\u00bb0&Prime;]<\/p>\n<p style=\"text-align: justify;\">Environ <strong>1 \u00e0 2 heures par module<\/strong> suffisent pour visionner les capsules, faire les exercices et relever les d\u00e9fis. Le programme est pens\u00e9 pour s\u2019int\u00e9grer facilement \u00e0 un horaire charg\u00e9.<\/p>\n<p>[\/et_pb_toggle][et_pb_toggle title=\u00a0\u00bbEst-ce que je recevrai des re\u00e7us pour mes assurances ?\u00a0\u00bb open_toggle_text_color=\u00a0\u00bb#000000&Prime; open_toggle_background_color=\u00a0\u00bb#BDE2D3&Prime; closed_toggle_text_color=\u00a0\u00bb#000000&Prime; closed_toggle_background_color=\u00a0\u00bb#BDE2D3&Prime; icon_color=\u00a0\u00bb#000000&Prime; open_icon_color=\u00a0\u00bb#000000&Prime; _builder_version=\u00a0\u00bb4.27.5&Prime; _module_preset=\u00a0\u00bbdefault\u00a0\u00bb title_text_color=\u00a0\u00bb#000000&Prime; body_text_color=\u00a0\u00bb#000000&Prime; width=\u00a0\u00bb80%\u00a0\u00bb border_radii=\u00a0\u00bbon|30px|30px|30px|30px\u00a0\u00bb global_colors_info=\u00a0\u00bb{}\u00a0\u00bb]<\/p>\n<p style=\"text-align: justify;\">Oui ! La formation est offerte par des <strong data-start=\"1520\" data-end=\"1561\">di\u00e9t\u00e9tistes-nutritionnistes dipl\u00f4m\u00e9es<\/strong>. Un <strong data-start=\"1566\" data-end=\"1589\">re\u00e7u pour assurance<\/strong> vous sera remis <strong>sur demande<\/strong> de votre part aupr\u00e8s de <a href=\"mailto:lfournier@epithelia.ca\">notre coordonnatrice<\/a> pour que vous puissiez faire une r\u00e9clamation, selon votre couverture.<\/p>\n<p>[\/et_pb_toggle][et_pb_toggle title=\u00a0\u00bb\u00c0 qui s\u2019adresse cette formation ?\u00a0\u00bb open_toggle_text_color=\u00a0\u00bb#000000&Prime; open_toggle_background_color=\u00a0\u00bb#BDE2D3&Prime; closed_toggle_text_color=\u00a0\u00bb#000000&Prime; closed_toggle_background_color=\u00a0\u00bb#BDE2D3&Prime; icon_color=\u00a0\u00bb#000000&Prime; open_icon_color=\u00a0\u00bb#000000&Prime; _builder_version=\u00a0\u00bb4.27.4&Prime; _module_preset=\u00a0\u00bbdefault\u00a0\u00bb title_text_color=\u00a0\u00bb#000000&Prime; body_text_color=\u00a0\u00bb#000000&Prime; width=\u00a0\u00bb80%\u00a0\u00bb border_radii=\u00a0\u00bbon|30px|30px|30px|30px\u00a0\u00bb global_colors_info=\u00a0\u00bb{}\u00a0\u00bb]<\/p>\n<p style=\"text-align: justify;\">\u00c0 toute personne qui en a assez des r\u00e9gimes et qui souhaite adopter <strong>une alimentation plus durable et bienveillante<\/strong>. Que vous vouliez am\u00e9liorer votre relation avec la nourriture, stabiliser votre poids ou mieux comprendre votre corps, cette formation est pour vous !<\/p>\n<p>[\/et_pb_toggle][et_pb_toggle title=\u00a0\u00bbY a-t-il un accompagnement pendant la formation ?\u00a0\u00bb open_toggle_text_color=\u00a0\u00bb#000000&Prime; open_toggle_background_color=\u00a0\u00bb#BDE2D3&Prime; closed_toggle_text_color=\u00a0\u00bb#000000&Prime; closed_toggle_background_color=\u00a0\u00bb#BDE2D3&Prime; icon_color=\u00a0\u00bb#000000&Prime; open_icon_color=\u00a0\u00bb#000000&Prime; _builder_version=\u00a0\u00bb4.27.5&Prime; _module_preset=\u00a0\u00bbdefault\u00a0\u00bb title_text_color=\u00a0\u00bb#000000&Prime; body_text_color=\u00a0\u00bb#000000&Prime; width=\u00a0\u00bb80%\u00a0\u00bb custom_padding=\u00a0\u00bb2%||2%||false|false\u00a0\u00bb hover_enabled=\u00a0\u00bb0&Prime; border_radii=\u00a0\u00bbon|30px|30px|30px|30px\u00a0\u00bb global_colors_info=\u00a0\u00bb{}\u00a0\u00bb sticky_enabled=\u00a0\u00bb0&Prime;]<\/p>\n<p style=\"text-align: justify;\">Absolument ! Vous pouvez \u00e9crire vos questions \u00e0 <a href=\"mailto:roxanne@epithelia.ca\">Roxanne<\/a> tout au cours de votre formation.<br \/>Vous pourrez par la suite <strong><a href=\"https:\/\/epithelia.ca\/consultations\/\">rencontrer une nutritionniste de notre \u00e9quipe<\/a><\/strong> pour poursuivre ou compl\u00e9ter votre processus personnel.<\/p>\n<p>[\/et_pb_toggle][et_pb_toggle title=\u00a0\u00bbEst-ce que je peux suivre la formation \u00e0 mon rythme ?\u00a0\u00bb open_toggle_text_color=\u00a0\u00bb#000000&Prime; open_toggle_background_color=\u00a0\u00bb#BDE2D3&Prime; closed_toggle_text_color=\u00a0\u00bb#000000&Prime; closed_toggle_background_color=\u00a0\u00bb#BDE2D3&Prime; icon_color=\u00a0\u00bb#000000&Prime; open_icon_color=\u00a0\u00bb#000000&Prime; _builder_version=\u00a0\u00bb4.27.5&Prime; _module_preset=\u00a0\u00bbdefault\u00a0\u00bb title_text_color=\u00a0\u00bb#000000&Prime; body_text_color=\u00a0\u00bb#000000&Prime; width=\u00a0\u00bb80%\u00a0\u00bb custom_padding=\u00a0\u00bb3%||3%||false|false\u00a0\u00bb hover_enabled=\u00a0\u00bb0&Prime; border_radii=\u00a0\u00bbon|30px|30px|30px|30px\u00a0\u00bb global_colors_info=\u00a0\u00bb{}\u00a0\u00bb sticky_enabled=\u00a0\u00bb0&Prime;]<\/p>\n<p style=\"text-align: justify;\">Oui ! M\u00eame si une nouvelle th\u00e9matique est propos\u00e9e par module, <strong>vous conservez l\u2019acc\u00e8s aux contenus<\/strong> pour pouvoir les consulter \u00e0 votre rythme.<\/p>\n<p>[\/et_pb_toggle][et_pb_toggle title=\u00a0\u00bbQuelle est votre politique de remboursement ?\u00a0\u00bb open_toggle_text_color=\u00a0\u00bb#000000&Prime; open_toggle_background_color=\u00a0\u00bb#BDE2D3&Prime; closed_toggle_text_color=\u00a0\u00bb#000000&Prime; closed_toggle_background_color=\u00a0\u00bb#BDE2D3&Prime; icon_color=\u00a0\u00bb#000000&Prime; open_icon_color=\u00a0\u00bb#000000&Prime; _builder_version=\u00a0\u00bb4.27.4&Prime; _module_preset=\u00a0\u00bbdefault\u00a0\u00bb title_text_color=\u00a0\u00bb#000000&Prime; body_text_color=\u00a0\u00bb#000000&Prime; width=\u00a0\u00bb80%\u00a0\u00bb custom_padding=\u00a0\u00bb2%||2%||false|false\u00a0\u00bb border_radii=\u00a0\u00bbon|30px|30px|30px|30px\u00a0\u00bb global_colors_info=\u00a0\u00bb{}\u00a0\u00bb]<\/p>\n<h2 data-start=\"287\" data-end=\"321\" class=\"\">Politique de remboursement<\/h2>\n<p data-start=\"394\" data-end=\"623\" class=\"\">Chez Epithelia, nous avons \u00e0 c\u0153ur votre satisfaction et votre bien-\u00eatre. Notre formation a \u00e9t\u00e9 con\u00e7ue avec rigueur et bienveillance pour vous aider \u00e0 d\u00e9velopper une relation saine, libre et durable avec la nourriture.<\/p>\n<h3 data-start=\"625\" data-end=\"665\" class=\"\">D\u00e9lai de demande de remboursement<\/h3>\n<p data-start=\"666\" data-end=\"828\" class=\"\">Nous offrons un remboursement <strong data-start=\"696\" data-end=\"708\">int\u00e9gral<\/strong> dans un d\u00e9lai de <strong data-start=\"726\" data-end=\"737\">7 jours<\/strong> suivant l\u2019achat, <strong data-start=\"755\" data-end=\"827\">\u00e0 condition qu\u2019aucun module complet n\u2019ait \u00e9t\u00e9 visionn\u00e9 ou t\u00e9l\u00e9charg\u00e9<\/strong>.<\/p>\n<h3 data-start=\"830\" data-end=\"892\" class=\"\">&#x274c; Exceptions \u2013 Aucun remboursement dans les cas suivants :<\/h3>\n<ul data-start=\"893\" data-end=\"1367\">\n<li data-start=\"893\" data-end=\"1000\" class=\"\">\n<p data-start=\"895\" data-end=\"1000\" class=\"\">Si <strong data-start=\"898\" data-end=\"918\">plus d\u2019un module<\/strong> a \u00e9t\u00e9 visionn\u00e9, t\u00e9l\u00e9charg\u00e9 ou compl\u00e9t\u00e9 (incluant les documents d\u2019accompagnement).<\/p>\n<\/li>\n<li data-start=\"1001\" data-end=\"1124\" class=\"\">\n<p data-start=\"1003\" data-end=\"1124\" class=\"\">Si la demande de remboursement est faite <strong data-start=\"1044\" data-end=\"1077\">plus de 7 jours apr\u00e8s l\u2019achat<\/strong>, peu importe la progression dans la formation.<\/p>\n<\/li>\n<li data-start=\"1125\" data-end=\"1270\" class=\"\">\n<p data-start=\"1127\" data-end=\"1270\" class=\"\">En cas d\u2019insatisfaction li\u00e9e \u00e0 un manque de r\u00e9sultats : les r\u00e9sultats varient d\u2019une personne \u00e0 l\u2019autre et d\u00e9pendent de l\u2019engagement individuel.<\/p>\n<\/li>\n<li data-start=\"1271\" data-end=\"1367\" class=\"\">\n<p data-start=\"1273\" data-end=\"1367\" class=\"\">En cas d&rsquo;<strong data-start=\"1282\" data-end=\"1302\">oubli de l&rsquo;achat<\/strong>, <strong data-start=\"1304\" data-end=\"1319\">inattention<\/strong> ou <strong data-start=\"1323\" data-end=\"1345\">erreur personnelle<\/strong> au moment de l&rsquo;achat.<\/p>\n<\/li>\n<\/ul>\n<h3 data-start=\"1369\" data-end=\"1404\" class=\"\">Comment effectuer une demande<\/h3>\n<p data-start=\"1405\" data-end=\"1572\" class=\"\">Pour toute demande admissible, veuillez nous \u00e9crire \u00e0 <b><a href=\"mailto:lfournier@epithelia.ca\">lfournier@epithelia.ca<\/a> <\/b>en incluant les informations suivantes :<\/p>\n<ul data-start=\"1573\" data-end=\"1697\">\n<li data-start=\"1573\" data-end=\"1592\" class=\"\">\n<p data-start=\"1575\" data-end=\"1592\" class=\"\">Votre nom complet<\/p>\n<\/li>\n<li data-start=\"1593\" data-end=\"1613\" class=\"\">\n<p data-start=\"1595\" data-end=\"1613\" class=\"\">La date de l\u2019achat<\/p>\n<\/li>\n<li data-start=\"1614\" data-end=\"1697\" class=\"\">\n<p data-start=\"1616\" data-end=\"1697\" class=\"\">La raison de votre demande (facultatif mais appr\u00e9ci\u00e9 pour am\u00e9liorer nos services)<\/p>\n<\/li>\n<\/ul>\n<p data-start=\"1699\" data-end=\"1881\" class=\"\">Une r\u00e9ponse vous sera donn\u00e9e dans un d\u00e9lai de <strong data-start=\"1745\" data-end=\"1770\">3 \u00e0 5 jours ouvrables<\/strong>. Si la demande est approuv\u00e9e, le remboursement sera effectu\u00e9 selon le m\u00eame mode de paiement utilis\u00e9 \u00e0 l&rsquo;achat.<\/p>\n<p>[\/et_pb_toggle][\/et_pb_column][\/et_pb_row][\/et_pb_section]<\/p>\n","protected":false},"excerpt":{"rendered":"<p>Vous avez l\u2019impression de ne plus savoir quoi manger entre toutes les infos contradictoires? Vous en avez assez des r\u00e9gimes qui finissent toujours par \u00e9chouer ?Vous voulez apprendre \u00e0 manger de tout sans culpabilit\u00e9 ?Vous cherchez une approche \u00e9quilibr\u00e9e et diff\u00e9rente qui vous apprend \u00e0 \u00e9couter vos vrais besoins ?Bonne nouvelle : vous \u00eates au [&hellip;]<\/p>\n","protected":false},"author":3,"featured_media":4411245,"parent":0,"menu_order":0,"comment_status":"closed","ping_status":"closed","template":"","meta":{"_et_pb_use_builder":"on","_et_pb_old_content":"","_et_gb_content_width":"","wprm-recipe-roundup-name":"","wprm-recipe-roundup-description":"","footnotes":""},"class_list":["post-4411243","page","type-page","status-publish","has-post-thumbnail","hentry"],"aioseo_notices":[],"_links":{"self":[{"href":"https:\/\/epithelia.ca\/en\/wp-json\/wp\/v2\/pages\/4411243","targetHints":{"allow":["GET"]}}],"collection":[{"href":"https:\/\/epithelia.ca\/en\/wp-json\/wp\/v2\/pages"}],"about":[{"href":"https:\/\/epithelia.ca\/en\/wp-json\/wp\/v2\/types\/page"}],"author":[{"embeddable":true,"href":"https:\/\/epithelia.ca\/en\/wp-json\/wp\/v2\/users\/3"}],"replies":[{"embeddable":true,"href":"https:\/\/epithelia.ca\/en\/wp-json\/wp\/v2\/comments?post=4411243"}],"version-history":[{"count":49,"href":"https:\/\/epithelia.ca\/en\/wp-json\/wp\/v2\/pages\/4411243\/revisions"}],"predecessor-version":[{"id":4415287,"href":"https:\/\/epithelia.ca\/en\/wp-json\/wp\/v2\/pages\/4411243\/revisions\/4415287"}],"wp:featuredmedia":[{"embeddable":true,"href":"https:\/\/epithelia.ca\/en\/wp-json\/wp\/v2\/media\/4411245"}],"wp:attachment":[{"href":"https:\/\/epithelia.ca\/en\/wp-json\/wp\/v2\/media?parent=4411243"}],"curies":[{"name":"wp","href":"https:\/\/api.w.org\/{rel}","templated":true}]}}